{"id":1493,"date":"2024-04-08T14:56:40","date_gmt":"2024-04-08T17:56:40","guid":{"rendered":"http:\/\/fonocal-discos.com.ar\/fonocal-discos\/?page_id=1493"},"modified":"2024-07-24T00:43:56","modified_gmt":"2024-07-24T03:43:56","slug":"piero-junto-a-grandes-artistas","status":"publish","type":"page","link":"http:\/\/fonocal-discos.com.ar\/fonocal-discos\/piero-junto-a-grandes-artistas\/","title":{"rendered":"*Piero,  junto a grandes  artistas *"},"content":{"rendered":"\n<figure class=\"wp-block-image size-full is-resized\"><img loading=\"lazy\" src=\"http:\/\/fonocal-discos.com.ar\/fonocal-discos\/wp-content\/uploads\/2024\/06\/17991886_10212781163147626_2188100961152136466_n.jpg\" alt=\"\" class=\"wp-image-1566\" width=\"335\" height=\"240\" srcset=\"http:\/\/fonocal-discos.com.ar\/fonocal-discos\/wp-content\/uploads\/2024\/06\/17991886_10212781163147626_2188100961152136466_n.jpg 635w, http:\/\/fonocal-discos.com.ar\/fonocal-discos\/wp-content\/uploads\/2024\/06\/17991886_10212781163147626_2188100961152136466_n-150x107.jpg 150w, http:\/\/fonocal-discos.com.ar\/fonocal-discos\/wp-content\/uploads\/2024\/06\/17991886_10212781163147626_2188100961152136466_n-209x150.jpg 209w\" sizes=\"(max-width: 335px) 100vw, 335px\" \/><figcaption><strong>Edmundo Calcagno &#8211; Adri\u00e1n Subotovsky <\/strong><\/figcaption><\/figure>\n\n\n\n<div class=\"wp-container-3 wp-block-columns\">\n<div class=\"wp-container-1 wp-block-column\">\n<figure class=\"wp-block-image size-large is-resized\"><img loading=\"lazy\" src=\"http:\/\/fonocal-discos.com.ar\/fonocal-discos\/wp-content\/uploads\/2024\/04\/Pappo-1-800x1024.jpg\" alt=\"\" class=\"wp-image-1494\" width=\"218\" height=\"278\"\/><figcaption>             <strong>Pappo  \u266b <\/strong><\/figcaption><\/figure>\n<\/div>\n\n\n\n<div class=\"wp-container-2 wp-block-column\">\n<figure class=\"wp-block-image size-large is-resized\"><img loading=\"lazy\" src=\"http:\/\/fonocal-discos.com.ar\/fonocal-discos\/wp-content\/uploads\/2024\/04\/Ale-Medina-1-1024x800.jpg\" alt=\"\" class=\"wp-image-1495\" width=\"297\" height=\"232\"\/><figcaption>              <strong>Alejandro Medina <\/strong>\u266a<\/figcaption><\/figure>\n<\/div>\n<\/div>\n\n\n\n<div class=\"wp-container-6 wp-block-columns\">\n<div class=\"wp-container-4 wp-block-column\">\n<figure class=\"wp-block-image size-large is-resized\"><img loading=\"lazy\" src=\"http:\/\/fonocal-discos.com.ar\/fonocal-discos\/wp-content\/uploads\/2024\/04\/Claudio-Gabis-1024x1024.jpg\" alt=\"\" class=\"wp-image-1496\" width=\"213\" height=\"213\" srcset=\"http:\/\/fonocal-discos.com.ar\/fonocal-discos\/wp-content\/uploads\/2024\/04\/Claudio-Gabis-1024x1024.jpg 1024w, http:\/\/fonocal-discos.com.ar\/fonocal-discos\/wp-content\/uploads\/2024\/04\/Claudio-Gabis-300x300.jpg 300w, http:\/\/fonocal-discos.com.ar\/fonocal-discos\/wp-content\/uploads\/2024\/04\/Claudio-Gabis-768x768.jpg 768w\" sizes=\"(max-width: 213px) 100vw, 213px\" \/><figcaption>   <strong>Claudio Gabis <\/strong>\u266b<\/figcaption><\/figure>\n<\/div>\n\n\n\n<div class=\"wp-container-5 wp-block-column\">\n<figure class=\"wp-block-image size-large is-resized\"><img loading=\"lazy\" src=\"http:\/\/fonocal-discos.com.ar\/fonocal-discos\/wp-content\/uploads\/2024\/04\/Conejo-Jolivet-1024x1024.jpg\" alt=\"\" class=\"wp-image-1497\" width=\"225\" height=\"225\" srcset=\"http:\/\/fonocal-discos.com.ar\/fonocal-discos\/wp-content\/uploads\/2024\/04\/Conejo-Jolivet-1024x1024.jpg 1024w, http:\/\/fonocal-discos.com.ar\/fonocal-discos\/wp-content\/uploads\/2024\/04\/Conejo-Jolivet-300x300.jpg 300w, http:\/\/fonocal-discos.com.ar\/fonocal-discos\/wp-content\/uploads\/2024\/04\/Conejo-Jolivet-768x768.jpg 768w\" sizes=\"(max-width: 225px) 100vw, 225px\" \/><figcaption>       <strong>Conejo Jolivet <\/strong>\u266a<\/figcaption><\/figure>\n<\/div>\n<\/div>\n\n\n\n<div class=\"wp-container-9 wp-block-columns\">\n<div class=\"wp-container-7 wp-block-column\">\n<figure class=\"wp-block-image size-large is-resized\"><img loading=\"lazy\" src=\"http:\/\/fonocal-discos.com.ar\/fonocal-discos\/wp-content\/uploads\/2024\/04\/dio-581x1024.jpg\" alt=\"\" class=\"wp-image-1498\" width=\"179\" height=\"315\"\/><figcaption>       <strong>Dio <\/strong>\u266b<\/figcaption><\/figure>\n<\/div>\n\n\n\n<div class=\"wp-container-8 wp-block-column\">\n<figure class=\"wp-block-image size-full is-resized\"><img loading=\"lazy\" src=\"http:\/\/fonocal-discos.com.ar\/fonocal-discos\/wp-content\/uploads\/2024\/04\/Effata.jpg\" alt=\"\" class=\"wp-image-1499\" width=\"322\" height=\"241\" srcset=\"http:\/\/fonocal-discos.com.ar\/fonocal-discos\/wp-content\/uploads\/2024\/04\/Effata.jpg 1024w, http:\/\/fonocal-discos.com.ar\/fonocal-discos\/wp-content\/uploads\/2024\/04\/Effata-150x113.jpg 150w, http:\/\/fonocal-discos.com.ar\/fonocal-discos\/wp-content\/uploads\/2024\/04\/Effata-200x150.jpg 200w\" sizes=\"(max-width: 322px) 100vw, 322px\" \/><figcaption>             <strong>Gustavo  Gauvry &#8211; Juanse <\/strong>\u266a<\/figcaption><\/figure>\n<\/div>\n<\/div>\n\n\n\n<div class=\"wp-container-12 wp-block-columns\">\n<div class=\"wp-container-10 wp-block-column\">\n<figure class=\"wp-block-image size-full is-resized\"><img loading=\"lazy\" src=\"http:\/\/fonocal-discos.com.ar\/fonocal-discos\/wp-content\/uploads\/2024\/04\/JUAN-Barrueco-Alma-Y-vida.jpg\" alt=\"\" class=\"wp-image-1500\" width=\"242\" height=\"190\" srcset=\"http:\/\/fonocal-discos.com.ar\/fonocal-discos\/wp-content\/uploads\/2024\/04\/JUAN-Barrueco-Alma-Y-vida.jpg 851w, http:\/\/fonocal-discos.com.ar\/fonocal-discos\/wp-content\/uploads\/2024\/04\/JUAN-Barrueco-Alma-Y-vida-150x118.jpg 150w, http:\/\/fonocal-discos.com.ar\/fonocal-discos\/wp-content\/uploads\/2024\/04\/JUAN-Barrueco-Alma-Y-vida-190x150.jpg 190w\" sizes=\"(max-width: 242px) 100vw, 242px\" \/><figcaption>        <strong> Juan Barrueco<\/strong> \u266b<\/figcaption><\/figure>\n<\/div>\n\n\n\n<div class=\"wp-container-11 wp-block-column\">\n<figure class=\"wp-block-image size-large is-resized\"><img loading=\"lazy\" src=\"http:\/\/fonocal-discos.com.ar\/fonocal-discos\/wp-content\/uploads\/2024\/04\/Kubero-1024x720.jpg\" alt=\"\" class=\"wp-image-1501\" width=\"299\" height=\"209\"\/><figcaption>               <strong>Kubero Diaz <\/strong>\u266a<\/figcaption><\/figure>\n\n\n\n<p><\/p>\n<\/div>\n<\/div>\n\n\n\n<div class=\"wp-container-15 wp-block-columns\">\n<div class=\"wp-container-13 wp-block-column\">\n<figure class=\"wp-block-image size-full is-resized\"><img loading=\"lazy\" src=\"http:\/\/fonocal-discos.com.ar\/fonocal-discos\/wp-content\/uploads\/2024\/04\/mellino.jpg\" alt=\"\" class=\"wp-image-1502\" width=\"361\" height=\"203\" srcset=\"http:\/\/fonocal-discos.com.ar\/fonocal-discos\/wp-content\/uploads\/2024\/04\/mellino.jpg 960w, http:\/\/fonocal-discos.com.ar\/fonocal-discos\/wp-content\/uploads\/2024\/04\/mellino-150x84.jpg 150w, http:\/\/fonocal-discos.com.ar\/fonocal-discos\/wp-content\/uploads\/2024\/04\/mellino-250x141.jpg 250w\" sizes=\"(max-width: 361px) 100vw, 361px\" \/><figcaption>            <strong> Carlos Mellino <\/strong>\u266b <\/figcaption><\/figure>\n<\/div>\n\n\n\n<div class=\"wp-container-14 wp-block-column\">\n<figure class=\"wp-block-image size-large is-resized\"><img loading=\"lazy\" src=\"http:\/\/fonocal-discos.com.ar\/fonocal-discos\/wp-content\/uploads\/2024\/04\/Saul-Blanch-1024x1024.jpg\" alt=\"\" class=\"wp-image-1503\" width=\"226\" height=\"226\" srcset=\"http:\/\/fonocal-discos.com.ar\/fonocal-discos\/wp-content\/uploads\/2024\/04\/Saul-Blanch-1024x1024.jpg 1024w, http:\/\/fonocal-discos.com.ar\/fonocal-discos\/wp-content\/uploads\/2024\/04\/Saul-Blanch-300x300.jpg 300w, http:\/\/fonocal-discos.com.ar\/fonocal-discos\/wp-content\/uploads\/2024\/04\/Saul-Blanch-768x768.jpg 768w\" sizes=\"(max-width: 226px) 100vw, 226px\" \/><figcaption>             <strong> Sa\u00fal Blach <\/strong>\u266a<\/figcaption><\/figure>\n<\/div>\n<\/div>\n\n\n\n<div class=\"wp-container-18 wp-block-columns\">\n<div class=\"wp-container-16 wp-block-column\">\n<figure class=\"wp-block-image size-large is-resized\"><img loading=\"lazy\" src=\"http:\/\/fonocal-discos.com.ar\/fonocal-discos\/wp-content\/uploads\/2024\/04\/Soule-1024x1024.jpg\" alt=\"\" class=\"wp-image-1504\" width=\"263\" height=\"263\" srcset=\"http:\/\/fonocal-discos.com.ar\/fonocal-discos\/wp-content\/uploads\/2024\/04\/Soule-1024x1024.jpg 1024w, http:\/\/fonocal-discos.com.ar\/fonocal-discos\/wp-content\/uploads\/2024\/04\/Soule-300x300.jpg 300w, http:\/\/fonocal-discos.com.ar\/fonocal-discos\/wp-content\/uploads\/2024\/04\/Soule-768x768.jpg 768w\" sizes=\"(max-width: 263px) 100vw, 263px\" \/><figcaption>   <strong>      Ricardo Soul\u00e9<\/strong>  \u266b<\/figcaption><\/figure>\n<\/div>\n\n\n\n<div class=\"wp-container-17 wp-block-column\">\n<figure class=\"wp-block-image size-full is-resized\"><img loading=\"lazy\" src=\"http:\/\/fonocal-discos.com.ar\/fonocal-discos\/wp-content\/uploads\/2024\/04\/Starc.jpg\" alt=\"\" class=\"wp-image-1505\" width=\"222\" height=\"295\" srcset=\"http:\/\/fonocal-discos.com.ar\/fonocal-discos\/wp-content\/uploads\/2024\/04\/Starc.jpg 768w, http:\/\/fonocal-discos.com.ar\/fonocal-discos\/wp-content\/uploads\/2024\/04\/Starc-113x150.jpg 113w\" sizes=\"(max-width: 222px) 100vw, 222px\" \/><figcaption>        <strong>H\u00e9ctor Starc &#8211; \u266a<\/strong><\/figcaption><\/figure>\n<\/div>\n<\/div>\n\n\n\n<div class=\"wp-container-21 wp-block-columns\">\n<div class=\"wp-container-19 wp-block-column\">\n<figure class=\"wp-block-image size-large is-resized\"><img loading=\"lazy\" src=\"http:\/\/fonocal-discos.com.ar\/fonocal-discos\/wp-content\/uploads\/2024\/04\/Willy-Quiroga-1024x1024.jpg\" alt=\"\" class=\"wp-image-1506\" width=\"266\" height=\"266\" srcset=\"http:\/\/fonocal-discos.com.ar\/fonocal-discos\/wp-content\/uploads\/2024\/04\/Willy-Quiroga-1024x1024.jpg 1024w, http:\/\/fonocal-discos.com.ar\/fonocal-discos\/wp-content\/uploads\/2024\/04\/Willy-Quiroga-300x300.jpg 300w, http:\/\/fonocal-discos.com.ar\/fonocal-discos\/wp-content\/uploads\/2024\/04\/Willy-Quiroga-768x768.jpg 768w\" sizes=\"(max-width: 266px) 100vw, 266px\" \/><figcaption>         <strong>Willy Quiroga \u266b <\/strong><\/figcaption><\/figure>\n<\/div>\n\n\n\n<div class=\"wp-container-20 wp-block-column\">\n<figure class=\"wp-block-image size-full is-resized\"><img loading=\"lazy\" src=\"http:\/\/fonocal-discos.com.ar\/fonocal-discos\/wp-content\/uploads\/2024\/04\/Yodi.jpg\" alt=\"\" class=\"wp-image-1507\" width=\"315\" height=\"236\" srcset=\"http:\/\/fonocal-discos.com.ar\/fonocal-discos\/wp-content\/uploads\/2024\/04\/Yodi.jpg 552w, http:\/\/fonocal-discos.com.ar\/fonocal-discos\/wp-content\/uploads\/2024\/04\/Yodi-150x113.jpg 150w, http:\/\/fonocal-discos.com.ar\/fonocal-discos\/wp-content\/uploads\/2024\/04\/Yodi-200x150.jpg 200w\" sizes=\"(max-width: 315px) 100vw, 315px\" \/><figcaption>               <strong> Yody Godoy  \u266a<\/strong><\/figcaption><\/figure>\n<\/div>\n<\/div>\n\n\n\n<figure class=\"wp-block-image size-large is-resized\"><img loading=\"lazy\" src=\"http:\/\/fonocal-discos.com.ar\/fonocal-discos\/wp-content\/uploads\/2024\/05\/dany-martin-1024x1024.jpg\" alt=\"\" class=\"wp-image-1562\" width=\"262\" height=\"262\" srcset=\"http:\/\/fonocal-discos.com.ar\/fonocal-discos\/wp-content\/uploads\/2024\/05\/dany-martin-1024x1024.jpg 1024w, http:\/\/fonocal-discos.com.ar\/fonocal-discos\/wp-content\/uploads\/2024\/05\/dany-martin-300x300.jpg 300w, http:\/\/fonocal-discos.com.ar\/fonocal-discos\/wp-content\/uploads\/2024\/05\/dany-martin-768x768.jpg 768w\" sizes=\"(max-width: 262px) 100vw, 262px\" \/><figcaption><strong>Premios Gardel 2024 junto a Dany Martin <\/strong><\/figcaption><\/figure>\n\n\n\n<p>*<strong>Ganador<\/strong> Categor\u00eda: Mejor \u00c1lbum*<\/p>\n\n\n\n<p>Artista Pop Tradicional &#8211;  Toda una vida &#8211; Cd <\/p>\n\n\n\n<hr class=\"wp-block-separator has-alpha-channel-opacity\"\/>\n\n\n\n<figure class=\"wp-block-image size-large is-resized\"><img loading=\"lazy\" src=\"http:\/\/fonocal-discos.com.ar\/fonocal-discos\/wp-content\/uploads\/2024\/07\/Legislatura-1024x799.jpg\" alt=\"\" class=\"wp-image-1624\" width=\"305\" height=\"238\"\/><figcaption><img loading=\"lazy\" height=\"16\" width=\"16\" src=\"https:\/\/static.xx.fbcdn.net\/images\/emoji.php\/v9\/t9e\/1\/16\/1f3b5.png\" alt=\"????\"><img loading=\"lazy\" height=\"16\" width=\"16\" src=\"https:\/\/static.xx.fbcdn.net\/images\/emoji.php\/v9\/t3d\/1\/16\/1f3c5.png\" alt=\"????\"> <strong>Con m\u00e1s de sesenta a\u00f1os dedicados a la m\u00fasica, Alejandro Medina ha sido declarado Personalidad Destacada de la Ciudad Aut\u00f3noma de Buenos Aires en el \u00e1mbito de la Cultura. El ex guitarrista de Manal y Pappo&#8217;s Blues, entre otras bandas ic\u00f3nicas, tuvo una fuerte influencia en el rock y el blues en espa\u00f1ol.<\/strong><\/figcaption><\/figure>\n","protected":false},"excerpt":{"rendered":"<p>*Ganador Categor\u00eda: Mejor \u00c1lbum* Artista Pop Tradicional &#8211; Toda una vida &#8211; Cd<\/p>\n","protected":false},"author":1,"featured_media":0,"parent":0,"menu_order":0,"comment_status":"closed","ping_status":"closed","template":"","meta":[],"_links":{"self":[{"href":"http:\/\/fonocal-discos.com.ar\/fonocal-discos\/wp-json\/wp\/v2\/pages\/1493"}],"collection":[{"href":"http:\/\/fonocal-discos.com.ar\/fonocal-discos\/wp-json\/wp\/v2\/pages"}],"about":[{"href":"http:\/\/fonocal-discos.com.ar\/fonocal-discos\/wp-json\/wp\/v2\/types\/page"}],"author":[{"embeddable":true,"href":"http:\/\/fonocal-discos.com.ar\/fonocal-discos\/wp-json\/wp\/v2\/users\/1"}],"replies":[{"embeddable":true,"href":"http:\/\/fonocal-discos.com.ar\/fonocal-discos\/wp-json\/wp\/v2\/comments?post=1493"}],"version-history":[{"count":4,"href":"http:\/\/fonocal-discos.com.ar\/fonocal-discos\/wp-json\/wp\/v2\/pages\/1493\/revisions"}],"predecessor-version":[{"id":1625,"href":"http:\/\/fonocal-discos.com.ar\/fonocal-discos\/wp-json\/wp\/v2\/pages\/1493\/revisions\/1625"}],"wp:attachment":[{"href":"http:\/\/fonocal-discos.com.ar\/fonocal-discos\/wp-json\/wp\/v2\/media?parent=1493"}],"curies":[{"name":"wp","href":"https:\/\/api.w.org\/{rel}","templated":true}]}}