{"id":1180,"date":"2024-02-01T21:22:15","date_gmt":"2024-02-02T00:22:15","guid":{"rendered":"http:\/\/fonocal-discos.com.ar\/fonocal-discos\/?page_id=1180"},"modified":"2026-01-27T16:08:06","modified_gmt":"2026-01-27T19:08:06","slug":"prensa-notas","status":"publish","type":"page","link":"http:\/\/fonocal-discos.com.ar\/fonocal-discos\/prensa-notas\/","title":{"rendered":"\u00abPrensa- Notas \u00ab"},"content":{"rendered":"\n<figure class=\"wp-block-image size-full is-resized\"><img loading=\"lazy\" src=\"http:\/\/fonocal-discos.com.ar\/fonocal-discos\/wp-content\/uploads\/2026\/01\/Untitled-design.jpg\" alt=\"\" class=\"wp-image-1837\" width=\"372\" height=\"312\" srcset=\"http:\/\/fonocal-discos.com.ar\/fonocal-discos\/wp-content\/uploads\/2026\/01\/Untitled-design.jpg 940w, http:\/\/fonocal-discos.com.ar\/fonocal-discos\/wp-content\/uploads\/2026\/01\/Untitled-design-150x126.jpg 150w, http:\/\/fonocal-discos.com.ar\/fonocal-discos\/wp-content\/uploads\/2026\/01\/Untitled-design-179x150.jpg 179w\" sizes=\"(max-width: 372px) 100vw, 372px\" \/><figcaption><strong>Eduardo Calcagno,  Director del Sello, junto al artista Ruben Patagonia, en el inicio de su  carrera.<\/strong><\/figcaption><\/figure>\n\n\n\n<hr class=\"wp-block-separator has-alpha-channel-opacity\"\/>\n\n\n\n<figure class=\"wp-block-image size-full is-resized\"><img loading=\"lazy\" src=\"http:\/\/fonocal-discos.com.ar\/fonocal-discos\/wp-content\/uploads\/2024\/03\/vattuone.jpg\" alt=\"\" class=\"wp-image-1428\" width=\"274\" height=\"271\" srcset=\"http:\/\/fonocal-discos.com.ar\/fonocal-discos\/wp-content\/uploads\/2024\/03\/vattuone.jpg 721w, http:\/\/fonocal-discos.com.ar\/fonocal-discos\/wp-content\/uploads\/2024\/03\/vattuone-150x148.jpg 150w, http:\/\/fonocal-discos.com.ar\/fonocal-discos\/wp-content\/uploads\/2024\/03\/vattuone-152x150.jpg 152w\" sizes=\"(max-width: 274px) 100vw, 274px\" \/><figcaption><strong>22 -08- 2011 *Vattuone &#8211; talentoso cantautor de tangos<\/strong>*- <strong>Ricardo Salton<\/strong><br><a href=\"https:\/\/www.ambito.com\/edicion-impresa\/vattuone-talentoso-cantautor-tangos-n3698332\">https:\/\/www.ambito.com\/edicion-impresa\/vattuone-talentoso-cantautor-tangos-n3698332<\/a><\/figcaption><\/figure>\n\n\n\n<p><\/p>\n\n\n\n<hr class=\"wp-block-separator has-alpha-channel-opacity\"\/>\n\n\n\n<figure class=\"wp-block-image size-large is-resized\"><img loading=\"lazy\" src=\"http:\/\/fonocal-discos.com.ar\/fonocal-discos\/wp-content\/uploads\/2024\/03\/voxdei-1024x533.jpg\" alt=\"\" class=\"wp-image-1429\" width=\"351\" height=\"182\"\/><figcaption><strong>16-06-2012 *Una reedici\u00f3n necesaria y demorada  *Redacci\u00f3n  Clar\u00edn  <\/strong><a href=\"https:\/\/www.clarin.com\/home\/vox_dei_0_B1Zb_Cfnvml.html\"> <\/a><a href=\"https:\/\/www.clarin.com\/home\/vox_dei_0_B1Zb_Cfnvml.html\">https:\/\/www.clarin.com\/home\/vox_dei_0_B1Zb_Cfnvml.html<\/a><\/figcaption><\/figure>\n\n\n\n<p><\/p>\n\n\n\n<hr class=\"wp-block-separator has-alpha-channel-opacity\"\/>\n\n\n\n<figure class=\"wp-block-image size-full is-resized\"><img loading=\"lazy\" src=\"http:\/\/fonocal-discos.com.ar\/fonocal-discos\/wp-content\/uploads\/2024\/03\/la-nueva.jpg\" alt=\"\" class=\"wp-image-1430\" width=\"460\" height=\"220\" srcset=\"http:\/\/fonocal-discos.com.ar\/fonocal-discos\/wp-content\/uploads\/2024\/03\/la-nueva.jpg 690w, http:\/\/fonocal-discos.com.ar\/fonocal-discos\/wp-content\/uploads\/2024\/03\/la-nueva-150x72.jpg 150w, http:\/\/fonocal-discos.com.ar\/fonocal-discos\/wp-content\/uploads\/2024\/03\/la-nueva-250x120.jpg 250w\" sizes=\"(max-width: 460px) 100vw, 460px\" \/><figcaption><strong>05-05-13 *El Rock  recuper\u00f3 la memoria* <\/strong> <strong>Redacci\u00f3n de La Nueva <\/strong><br> <a href=\"https:\/\/www.lanueva.com\/nota\/2013-5-5-9-0-0-el-rock-recupero-la-memoria\">https:\/\/www.lanueva.com\/nota\/2013-5-5-9-0-0-el-rock-recupero-la-memoria<\/a><\/figcaption><\/figure>\n\n\n\n<p><\/p>\n\n\n\n<hr class=\"wp-block-separator has-alpha-channel-opacity\"\/>\n\n\n\n<figure class=\"wp-block-image size-full is-resized\"><img loading=\"lazy\" src=\"http:\/\/fonocal-discos.com.ar\/fonocal-discos\/wp-content\/uploads\/2024\/03\/1-11-15.jpg\" alt=\"\" class=\"wp-image-1431\" width=\"789\" height=\"216\" srcset=\"http:\/\/fonocal-discos.com.ar\/fonocal-discos\/wp-content\/uploads\/2024\/03\/1-11-15.jpg 1025w, http:\/\/fonocal-discos.com.ar\/fonocal-discos\/wp-content\/uploads\/2024\/03\/1-11-15-150x41.jpg 150w, http:\/\/fonocal-discos.com.ar\/fonocal-discos\/wp-content\/uploads\/2024\/03\/1-11-15-250x69.jpg 250w\" sizes=\"(max-width: 789px) 100vw, 789px\" \/><figcaption><strong>01-09-2015* Reeditan discos perdidos del rock nacional* Por Claudio  Kleiman<\/strong> <a href=\"https:\/\/www.lanacion.com.ar\/espectaculos\/reeditan-discos-perdidos-del-rock-nacional-nid1823823\/\">https:\/\/www.lanacion.com.ar\/espectaculos\/reeditan-discos-perdidos-del-rock-nacional-nid1823823\/<\/a><\/figcaption><\/figure>\n\n\n\n<p><\/p>\n\n\n\n<hr class=\"wp-block-separator has-alpha-channel-opacity\"\/>\n\n\n\n<figure class=\"wp-block-image size-full is-resized\"><img loading=\"lazy\" src=\"http:\/\/fonocal-discos.com.ar\/fonocal-discos\/wp-content\/uploads\/2024\/03\/tantor1.jpg\" alt=\"\" class=\"wp-image-1432\" width=\"356\" height=\"387\" srcset=\"http:\/\/fonocal-discos.com.ar\/fonocal-discos\/wp-content\/uploads\/2024\/03\/tantor1.jpg 827w, http:\/\/fonocal-discos.com.ar\/fonocal-discos\/wp-content\/uploads\/2024\/03\/tantor1-138x150.jpg 138w\" sizes=\"(max-width: 356px) 100vw, 356px\" \/><figcaption><strong>23-10-15 *Aquel disco perdido de Tantor * La agenda rockera <\/strong> <br><a href=\"https:\/\/www.diariopopular.com.ar\/vienen-sonando\/aquel-disco-perdido-tantor-n240635\">https:\/\/www.diariopopular.com.ar\/vienen-sonando\/aquel-disco-perdido-tantor-n240635<\/a><\/figcaption><\/figure>\n\n\n\n<hr class=\"wp-block-separator has-alpha-channel-opacity\"\/>\n\n\n\n<figure class=\"wp-block-image size-full is-resized\"><img loading=\"lazy\" src=\"http:\/\/fonocal-discos.com.ar\/fonocal-discos\/wp-content\/uploads\/2024\/03\/pastoRES.jpg\" alt=\"\" class=\"wp-image-1434\" width=\"334\" height=\"344\" srcset=\"http:\/\/fonocal-discos.com.ar\/fonocal-discos\/wp-content\/uploads\/2024\/03\/pastoRES.jpg 454w, http:\/\/fonocal-discos.com.ar\/fonocal-discos\/wp-content\/uploads\/2024\/03\/pastoRES-146x150.jpg 146w\" sizes=\"(max-width: 334px) 100vw, 334px\" \/><figcaption><strong>20-04-2022 &#8211; *Fonocal relanza tres cl\u00e1sicos de Pastoral &#8211; Marcelo Olguin <\/strong><a href=\"https:\/\/mellotronweb.com.ar\/ultimasnoticiaspagina2.22.html\">https:\/\/mellotronweb.com.ar\/ultimasnoticiaspagina2.22.html<\/a><\/figcaption><\/figure>\n\n\n\n<p><\/p>\n\n\n\n<hr class=\"wp-block-separator has-alpha-channel-opacity\"\/>\n\n\n\n<figure class=\"wp-block-image size-full is-resized\"><img loading=\"lazy\" src=\"http:\/\/fonocal-discos.com.ar\/fonocal-discos\/wp-content\/uploads\/2024\/03\/tercer.jpg\" alt=\"\" class=\"wp-image-1435\" width=\"230\" height=\"357\" srcset=\"http:\/\/fonocal-discos.com.ar\/fonocal-discos\/wp-content\/uploads\/2024\/03\/tercer.jpg 436w, http:\/\/fonocal-discos.com.ar\/fonocal-discos\/wp-content\/uploads\/2024\/03\/tercer-97x150.jpg 97w\" sizes=\"(max-width: 230px) 100vw, 230px\" \/><figcaption><strong>Mayo 2022 &#8211; El sello Fonocal reedita en Cd y  LP Tercer Milenio de Orion\u00b4s Beethoven<\/strong><br><strong> Marcelo Olguin <\/strong><br><a href=\"https:\/\/mellotronweb.com.ar\/ultimasnoticiaspagina2.22.html\">https:\/\/mellotronweb.com.ar\/ultimasnoticiaspagina2.22.html<\/a><\/figcaption><\/figure>\n\n\n\n<p><\/p>\n\n\n\n<hr class=\"wp-block-separator has-alpha-channel-opacity\"\/>\n\n\n\n<figure class=\"wp-block-image size-large is-resized\"><img loading=\"lazy\" src=\"http:\/\/fonocal-discos.com.ar\/fonocal-discos\/wp-content\/uploads\/2024\/03\/walkers1-1024x649.jpg\" alt=\"\" class=\"wp-image-1436\" width=\"504\" height=\"320\"\/><figcaption><strong>08-08-2022 &#8211; El INAMU reedita los discos de \u00abLos Walkers\u00bb <\/strong><br><a href=\"https:\/\/www.argentina.gob.ar\/noticias\/el-inamu-reedita-los-discos-de-los-walkers\">https:\/\/www.argentina.gob.ar\/noticias\/el-inamu-reedita-los-discos-de-los-walkers<\/a><\/figcaption><\/figure>\n\n\n\n<hr class=\"wp-block-separator has-alpha-channel-opacity\"\/>\n\n\n\n<figure class=\"wp-block-image size-full is-resized\"><img loading=\"lazy\" src=\"http:\/\/fonocal-discos.com.ar\/fonocal-discos\/wp-content\/uploads\/2024\/03\/wal.jpg\" alt=\"\" class=\"wp-image-1437\" width=\"301\" height=\"252\" srcset=\"http:\/\/fonocal-discos.com.ar\/fonocal-discos\/wp-content\/uploads\/2024\/03\/wal.jpg 818w, http:\/\/fonocal-discos.com.ar\/fonocal-discos\/wp-content\/uploads\/2024\/03\/wal-150x126.jpg 150w, http:\/\/fonocal-discos.com.ar\/fonocal-discos\/wp-content\/uploads\/2024\/03\/wal-179x150.jpg 179w\" sizes=\"(max-width: 301px) 100vw, 301px\" \/><figcaption><strong>11-08-2022- El regreso de Los Walkers, la historia vuelve a contarse &#8211; Norberto Afaro <\/strong><a href=\"https:\/\/prismacontenidos.com\/el-regreso-de-los-walkers-la-historia-vuelve-a-contarse-en-vinilo-y-cd\/\">https:\/\/prismacontenidos.com\/el-regreso-de-los-walkers-la-historia-vuelve-a-contarse-en-vinilo-y-cd\/<\/a><\/figcaption><\/figure>\n\n\n\n<p>Aclaramos que est\u00e1n disponibles en estuches individuales o el Set box por 3 <\/p>\n\n\n\n<hr class=\"wp-block-separator has-alpha-channel-opacity\"\/>\n\n\n\n<figure class=\"wp-block-image size-full is-resized\"><img loading=\"lazy\" src=\"http:\/\/fonocal-discos.com.ar\/fonocal-discos\/wp-content\/uploads\/2025\/06\/44106286_10217060894297545_6708764364033228800_n.jpg\" alt=\"\" class=\"wp-image-1771\" width=\"296\" height=\"294\" srcset=\"http:\/\/fonocal-discos.com.ar\/fonocal-discos\/wp-content\/uploads\/2025\/06\/44106286_10217060894297545_6708764364033228800_n.jpg 800w, http:\/\/fonocal-discos.com.ar\/fonocal-discos\/wp-content\/uploads\/2025\/06\/44106286_10217060894297545_6708764364033228800_n-150x150.jpg 150w, http:\/\/fonocal-discos.com.ar\/fonocal-discos\/wp-content\/uploads\/2025\/06\/44106286_10217060894297545_6708764364033228800_n-151x150.jpg 151w\" sizes=\"(max-width: 296px) 100vw, 296px\" \/><figcaption><strong>17\/8\/2022 &#8211; Reeditan el \u00e1lbum de&nbsp;\u00abMerl\u00edn\u00bb &#8211; Por Carlos Alberto Resurgi\u00e1n para Noticias la Insuperable <\/strong><a href=\"https:\/\/noticiaslainsuperable.com.ar\/2022\/08\/17\/reeditan-el-album-de-merlin\/\">https:\/\/noticiaslainsuperable.com.ar\/2022\/08\/17\/reeditan-el-album-de-merlin\/<\/a>  <\/figcaption><\/figure>\n\n\n\n<hr class=\"wp-block-separator has-alpha-channel-opacity\"\/>\n\n\n\n<figure class=\"wp-block-image size-large is-resized\"><img loading=\"lazy\" src=\"http:\/\/fonocal-discos.com.ar\/fonocal-discos\/wp-content\/uploads\/2024\/04\/314438825_10230588273230997_2220686236804818629_n-1024x1024.jpg\" alt=\"\" class=\"wp-image-1467\" width=\"276\" height=\"276\" srcset=\"http:\/\/fonocal-discos.com.ar\/fonocal-discos\/wp-content\/uploads\/2024\/04\/314438825_10230588273230997_2220686236804818629_n-1024x1024.jpg 1024w, http:\/\/fonocal-discos.com.ar\/fonocal-discos\/wp-content\/uploads\/2024\/04\/314438825_10230588273230997_2220686236804818629_n-300x300.jpg 300w, http:\/\/fonocal-discos.com.ar\/fonocal-discos\/wp-content\/uploads\/2024\/04\/314438825_10230588273230997_2220686236804818629_n-768x768.jpg 768w, http:\/\/fonocal-discos.com.ar\/fonocal-discos\/wp-content\/uploads\/2024\/04\/314438825_10230588273230997_2220686236804818629_n-150x150.jpg 150w, http:\/\/fonocal-discos.com.ar\/fonocal-discos\/wp-content\/uploads\/2024\/04\/314438825_10230588273230997_2220686236804818629_n.jpg 1080w\" sizes=\"(max-width: 276px) 100vw, 276px\" \/><figcaption><strong>03-11-22 * Se reeditan los discos de Mar\u00eda Rosa Yorio y Merl\u00edn &#8211; Recuperaci\u00f3n Cat\u00e1logo Music Hall*<\/strong><br><a href=\"https:\/\/inamu.musica.ar\/reedicion-music-hall-maria-rosa-yorio-merlin\">https:\/\/inamu.musica.ar\/reedicion-music-hall-maria-rosa-yorio-merlin<\/a><\/figcaption><\/figure>\n\n\n\n<figure class=\"wp-block-image size-full is-resized\"><img loading=\"lazy\" src=\"http:\/\/fonocal-discos.com.ar\/fonocal-discos\/wp-content\/uploads\/2024\/03\/mariaaaa.jpg\" alt=\"\" class=\"wp-image-1438\" width=\"395\" height=\"327\" srcset=\"http:\/\/fonocal-discos.com.ar\/fonocal-discos\/wp-content\/uploads\/2024\/03\/mariaaaa.jpg 921w, http:\/\/fonocal-discos.com.ar\/fonocal-discos\/wp-content\/uploads\/2024\/03\/mariaaaa-150x124.jpg 150w, http:\/\/fonocal-discos.com.ar\/fonocal-discos\/wp-content\/uploads\/2024\/03\/mariaaaa-181x150.jpg 181w\" sizes=\"(max-width: 395px) 100vw, 395px\" \/><figcaption><strong>09-11-2022-*Reeditan elep\u00e9 emblem\u00e1tico de Mar\u00eda Rosa Yorio* Adri\u00e1n Moyano<\/strong> <a href=\"https:\/\/www.elcordillerano.com.ar\/noticias\/2022\/11\/09\/148117-reeditan-elepe-emblematico-de-maria-rosa-yorio\">https:\/\/www.elcordillerano.com.ar\/noticias\/2022\/11\/09\/148117-reeditan-elepe-emblematico-de-maria-rosa-yorio<\/a><\/figcaption><\/figure>\n\n\n\n<hr class=\"wp-block-separator has-alpha-channel-opacity\"\/>\n\n\n\n<figure class=\"wp-block-image size-full is-resized\"><img loading=\"lazy\" src=\"http:\/\/fonocal-discos.com.ar\/fonocal-discos\/wp-content\/uploads\/2024\/04\/Walkers-INAMU.jpg\" alt=\"\" class=\"wp-image-1470\" width=\"312\" height=\"303\" srcset=\"http:\/\/fonocal-discos.com.ar\/fonocal-discos\/wp-content\/uploads\/2024\/04\/Walkers-INAMU.jpg 770w, http:\/\/fonocal-discos.com.ar\/fonocal-discos\/wp-content\/uploads\/2024\/04\/Walkers-INAMU-768x748.jpg 768w, http:\/\/fonocal-discos.com.ar\/fonocal-discos\/wp-content\/uploads\/2024\/04\/Walkers-INAMU-150x146.jpg 150w, http:\/\/fonocal-discos.com.ar\/fonocal-discos\/wp-content\/uploads\/2024\/04\/Walkers-INAMU-154x150.jpg 154w\" sizes=\"(max-width: 312px) 100vw, 312px\" \/><figcaption><strong>12-12-2022 * Reedici\u00f3n Vinilo \u00abWalking Up con los Walkers\u00bb &#8211; Recuperaci\u00f3n del sello Music Hall* <\/strong><br>Aclaramos que el material  disponible de Los Walkers es en  Cd &#8211; <br><a href=\"https:\/\/inamu.musica.ar\/reedicion-vinilo-los-walkers\">https:\/\/inamu.musica.ar\/reedicion-vinilo-los-walkers<\/a><\/figcaption><\/figure>\n\n\n\n<hr class=\"wp-block-separator has-alpha-channel-opacity\"\/>\n\n\n\n<figure class=\"wp-block-image size-full is-resized\"><img loading=\"lazy\" src=\"http:\/\/fonocal-discos.com.ar\/fonocal-discos\/wp-content\/uploads\/2024\/04\/LosWalkersPAGINA12-1.jpg\" alt=\"\" class=\"wp-image-1476\" width=\"294\" height=\"364\" srcset=\"http:\/\/fonocal-discos.com.ar\/fonocal-discos\/wp-content\/uploads\/2024\/04\/LosWalkersPAGINA12-1.jpg 667w, http:\/\/fonocal-discos.com.ar\/fonocal-discos\/wp-content\/uploads\/2024\/04\/LosWalkersPAGINA12-1-121x150.jpg 121w\" sizes=\"(max-width: 294px) 100vw, 294px\" \/><figcaption><strong>Los Walkers . Federico Anzardi <\/strong><\/figcaption><\/figure>\n\n\n\n<figure class=\"wp-block-image size-full\"><img loading=\"lazy\" width=\"584\" height=\"198\" src=\"http:\/\/fonocal-discos.com.ar\/fonocal-discos\/wp-content\/uploads\/2024\/03\/iiiiiiiiiiiiiiiiii.jpg\" alt=\"\" class=\"wp-image-1457\" srcset=\"http:\/\/fonocal-discos.com.ar\/fonocal-discos\/wp-content\/uploads\/2024\/03\/iiiiiiiiiiiiiiiiii.jpg 584w, http:\/\/fonocal-discos.com.ar\/fonocal-discos\/wp-content\/uploads\/2024\/03\/iiiiiiiiiiiiiiiiii-150x51.jpg 150w, http:\/\/fonocal-discos.com.ar\/fonocal-discos\/wp-content\/uploads\/2024\/03\/iiiiiiiiiiiiiiiiii-250x85.jpg 250w\" sizes=\"(max-width: 584px) 100vw, 584px\" \/><figcaption><strong>14-12-2022 *Discos de Mar\u00eda Rosa Yorio y Merl\u00edn , reeditados gracias al INAMU* Cristian Vitale  <\/strong><a href=\"https:\/\/www.pagina12.com.ar\/507470-discos-de-maria-rosa-yorio-y-merlin-reeditados-gracias-al-in\">https:\/\/www.pagina12.com.ar\/507470-discos-de-maria-rosa-yorio-y-merlin-reeditados-gracias-al-in<\/a><\/figcaption><\/figure>\n\n\n\n<hr class=\"wp-block-separator has-alpha-channel-opacity\"\/>\n\n\n\n<figure class=\"wp-block-image size-large is-resized\"><img loading=\"lazy\" src=\"http:\/\/fonocal-discos.com.ar\/fonocal-discos\/wp-content\/uploads\/2024\/05\/Valentina_Etchebest-1024x1024.jpg\" alt=\"\" class=\"wp-image-1558\" width=\"259\" height=\"259\" srcset=\"http:\/\/fonocal-discos.com.ar\/fonocal-discos\/wp-content\/uploads\/2024\/05\/Valentina_Etchebest-1024x1024.jpg 1024w, http:\/\/fonocal-discos.com.ar\/fonocal-discos\/wp-content\/uploads\/2024\/05\/Valentina_Etchebest-300x300.jpg 300w, http:\/\/fonocal-discos.com.ar\/fonocal-discos\/wp-content\/uploads\/2024\/05\/Valentina_Etchebest-768x768.jpg 768w, http:\/\/fonocal-discos.com.ar\/fonocal-discos\/wp-content\/uploads\/2024\/05\/Valentina_Etchebest-1536x1536.jpg 1536w, http:\/\/fonocal-discos.com.ar\/fonocal-discos\/wp-content\/uploads\/2024\/05\/Valentina_Etchebest-2048x2048.jpg 2048w, http:\/\/fonocal-discos.com.ar\/fonocal-discos\/wp-content\/uploads\/2024\/05\/Valentina_Etchebest-150x150.jpg 150w\" sizes=\"(max-width: 259px) 100vw, 259px\" \/><figcaption><strong>21-03-23 * Valentina Etchebest, la joven de Pig\u00fc\u00e9 que emocion\u00f3 a Albino Lang cantando tango, adelanta c\u00f3mo es su primer disco  Por:&nbsp;Semanario Reflejos <\/strong> <a href=\"https:\/\/www.suarezaldia.com.ar\/2023-03-21\/valentina-etchebest-la-joven-de-pige-que-emociono-a-albino-lang-cantando-tango-adelanta-como-es-su-primer-disco-6978\">https:\/\/www.suarezaldia.com.ar\/2023-03-21\/valentina-etchebest-la-joven-de-pige-que-emociono-a-albino-lang-cantando-tango-adelanta-como-es-su-primer-disco-6978<\/a><\/figcaption><\/figure>\n\n\n\n<hr class=\"wp-block-separator has-alpha-channel-opacity\"\/>\n\n\n\n<figure class=\"wp-block-image size-full\"><img loading=\"lazy\" width=\"352\" height=\"358\" src=\"http:\/\/fonocal-discos.com.ar\/fonocal-discos\/wp-content\/uploads\/2025\/09\/walkers.jpg\" alt=\"\" class=\"wp-image-1808\" srcset=\"http:\/\/fonocal-discos.com.ar\/fonocal-discos\/wp-content\/uploads\/2025\/09\/walkers.jpg 352w, http:\/\/fonocal-discos.com.ar\/fonocal-discos\/wp-content\/uploads\/2025\/09\/walkers-147x150.jpg 147w\" sizes=\"(max-width: 352px) 100vw, 352px\" \/><figcaption>Acerca de LOS WALKERS- 8 de Mayo del 2023 <a href=\"https:\/\/www.facebook.com\/100000558818698\/posts\/6692695000759061\/?mibextid=rS40aB7S9Ucbxw6v\">https:\/\/www.facebook.com\/100000558818698\/posts\/6692695000759061\/?mibextid=rS40aB7S9Ucbxw6v<\/a><\/figcaption><\/figure>\n\n\n\n<hr class=\"wp-block-separator has-alpha-channel-opacity\"\/>\n\n\n\n<figure class=\"wp-block-image size-full is-resized\"><img loading=\"lazy\" src=\"http:\/\/fonocal-discos.com.ar\/fonocal-discos\/wp-content\/uploads\/2024\/03\/ManalEnObras1980-1.jpg\" alt=\"\" class=\"wp-image-1444\" width=\"232\" height=\"232\" srcset=\"http:\/\/fonocal-discos.com.ar\/fonocal-discos\/wp-content\/uploads\/2024\/03\/ManalEnObras1980-1.jpg 600w, http:\/\/fonocal-discos.com.ar\/fonocal-discos\/wp-content\/uploads\/2024\/03\/ManalEnObras1980-1-300x300.jpg 300w, http:\/\/fonocal-discos.com.ar\/fonocal-discos\/wp-content\/uploads\/2024\/03\/ManalEnObras1980-1-150x150.jpg 150w\" sizes=\"(max-width: 232px) 100vw, 232px\" \/><figcaption><strong>12-06-23 *Reediciones Manal y un rescate en vivo que los trae de nuevo a las bateas* Ale Do Carmo <\/strong>  <a href=\"https:\/\/film-song.blogspot.com\/2023\/06\/reediciones-manal-y-un-rescate-en-vivo.html\">https:\/\/film-song.blogspot.com\/2023\/06\/reediciones-manal-y-un-rescate-en-vivo.html<\/a><\/figcaption><\/figure>\n\n\n\n<hr class=\"wp-block-separator has-alpha-channel-opacity\"\/>\n\n\n\n<figure class=\"wp-block-image size-full is-resized\"><img loading=\"lazy\" src=\"http:\/\/fonocal-discos.com.ar\/fonocal-discos\/wp-content\/uploads\/2024\/04\/JULIO-2023-Banana-1.jpg\" alt=\"\" class=\"wp-image-1472\" width=\"418\" height=\"456\" srcset=\"http:\/\/fonocal-discos.com.ar\/fonocal-discos\/wp-content\/uploads\/2024\/04\/JULIO-2023-Banana-1.jpg 812w, http:\/\/fonocal-discos.com.ar\/fonocal-discos\/wp-content\/uploads\/2024\/04\/JULIO-2023-Banana-1-137x150.jpg 137w\" sizes=\"(max-width: 418px) 100vw, 418px\" \/><figcaption><strong>04-07-2023 * Se edit\u00f3 \u00abBanana: Grabaciones Completas en Music Hall 1969 \/ 1972 \u00bb Recuperaci\u00f3n del  Cat\u00e1logo Music Hall * <\/strong><br> <a href=\"https:\/\/inamu.musica.ar\/edicion-banana-grabaciones-completas-music-hall\">https:\/\/inamu.musica.ar\/edicion-banana-grabaciones-completas-music-hall<\/a><\/figcaption><\/figure>\n\n\n\n<hr class=\"wp-block-separator has-alpha-channel-opacity\"\/>\n\n\n\n<figure class=\"wp-block-image size-full is-resized\"><img loading=\"lazy\" src=\"http:\/\/fonocal-discos.com.ar\/fonocal-discos\/wp-content\/uploads\/2024\/04\/Screenshot_20230820-140415.jpg\" alt=\"\" class=\"wp-image-1477\" width=\"338\" height=\"337\" srcset=\"http:\/\/fonocal-discos.com.ar\/fonocal-discos\/wp-content\/uploads\/2024\/04\/Screenshot_20230820-140415.jpg 703w, http:\/\/fonocal-discos.com.ar\/fonocal-discos\/wp-content\/uploads\/2024\/04\/Screenshot_20230820-140415-300x300.jpg 300w, http:\/\/fonocal-discos.com.ar\/fonocal-discos\/wp-content\/uploads\/2024\/04\/Screenshot_20230820-140415-150x150.jpg 150w\" sizes=\"(max-width: 338px) 100vw, 338px\" \/><figcaption><strong>En  Titanio Studios junto a Cesar Banana: Sebastian Subirana &#8211; Eduardo Calcagno <\/strong><\/figcaption><\/figure>\n\n\n\n<hr class=\"wp-block-separator has-alpha-channel-opacity\"\/>\n\n\n\n<figure class=\"wp-block-image size-full is-resized\"><img loading=\"lazy\" src=\"http:\/\/fonocal-discos.com.ar\/fonocal-discos\/wp-content\/uploads\/2024\/03\/Canciones-_del_Sur-.jpg\" alt=\"\" class=\"wp-image-1446\" width=\"257\" height=\"257\" srcset=\"http:\/\/fonocal-discos.com.ar\/fonocal-discos\/wp-content\/uploads\/2024\/03\/Canciones-_del_Sur-.jpg 900w, http:\/\/fonocal-discos.com.ar\/fonocal-discos\/wp-content\/uploads\/2024\/03\/Canciones-_del_Sur--300x300.jpg 300w, http:\/\/fonocal-discos.com.ar\/fonocal-discos\/wp-content\/uploads\/2024\/03\/Canciones-_del_Sur--768x768.jpg 768w, http:\/\/fonocal-discos.com.ar\/fonocal-discos\/wp-content\/uploads\/2024\/03\/Canciones-_del_Sur--150x150.jpg 150w\" sizes=\"(max-width: 257px) 100vw, 257px\" \/><figcaption><strong>22-07-23*El karma de vivir al sur*- Mariano del Mazo <\/strong>  <br><a href=\"https:\/\/laagenda.buenosaires.gob.ar\/?contenido=40092-el-karma-de-vivir-al-sur&amp;fbclid=IwAR1rrszl50ddaTFHklFV_2rncUXlzkwGP3s6deLgVXLfyNmTHxcuHUSADk0.\">https:\/\/laagenda.buenosaires.gob.ar\/?contenido=40092-el-karma-de-vivir-al-sur&amp;fbclid=IwAR1rrszl50ddaTFHklFV_2rncUXlzkwGP3s6deLgVXLfyNmTHxcuHUSADk0.<\/a><\/figcaption><\/figure>\n\n\n\n<hr class=\"wp-block-separator has-alpha-channel-opacity\"\/>\n\n\n\n<figure class=\"wp-block-image size-full is-resized\"><img loading=\"lazy\" src=\"http:\/\/fonocal-discos.com.ar\/fonocal-discos\/wp-content\/uploads\/2024\/03\/MORDAZ-EN-BAJA-1.jpg\" alt=\"\" class=\"wp-image-1447\" width=\"238\" height=\"238\" srcset=\"http:\/\/fonocal-discos.com.ar\/fonocal-discos\/wp-content\/uploads\/2024\/03\/MORDAZ-EN-BAJA-1.jpg 900w, http:\/\/fonocal-discos.com.ar\/fonocal-discos\/wp-content\/uploads\/2024\/03\/MORDAZ-EN-BAJA-1-300x300.jpg 300w, http:\/\/fonocal-discos.com.ar\/fonocal-discos\/wp-content\/uploads\/2024\/03\/MORDAZ-EN-BAJA-1-768x768.jpg 768w, http:\/\/fonocal-discos.com.ar\/fonocal-discos\/wp-content\/uploads\/2024\/03\/MORDAZ-EN-BAJA-1-150x150.jpg 150w\" sizes=\"(max-width: 238px) 100vw, 238px\" \/><figcaption><strong>26-07-23* Reediciones: \u00abLibertad Condicional de Mordaz, un disco de  culto que vuelve a las bateas* <br>Ale Do Carmo <\/strong><br> <a href=\"https:\/\/film-song.blogspot.com\/2023\/07\/reediciones-libertad-condicional-de.html?fbclid=IwAR1sabvcoCIxNEnX9LfieRuoWhFaMoqPYRDnaxeRLdqP-gVblQbRpzIflJU\">https:\/\/film-song.blogspot.com\/2023\/07\/reediciones-libertad-condicional-de.html?fbclid=IwAR1sabvcoCIxNEnX9LfieRuoWhFaMoqPYRDnaxeRLdqP-gVblQbRpzIflJU<\/a><\/figcaption><\/figure>\n\n\n\n<p><a href=\"http:\/\/madhouse.com.ar\/2023\/08\/28\/reediciones-libertad-condicional-de-mordaz-un-disco-de-culto-que-vuelve-a-las-bateas\/\">http:\/\/madhouse.com.ar\/2023\/08\/28\/reediciones-libertad-condicional-de-mordaz-un-disco-de-culto-que-vuelve-a-las-bateas\/<\/a><\/p>\n\n\n\n<hr class=\"wp-block-separator has-alpha-channel-opacity\"\/>\n\n\n\n<figure class=\"wp-block-image size-full is-resized\"><img loading=\"lazy\" src=\"http:\/\/fonocal-discos.com.ar\/fonocal-discos\/wp-content\/uploads\/2024\/03\/ManalEnObras1980-2.jpg\" alt=\"\" class=\"wp-image-1451\" width=\"266\" height=\"266\" srcset=\"http:\/\/fonocal-discos.com.ar\/fonocal-discos\/wp-content\/uploads\/2024\/03\/ManalEnObras1980-2.jpg 600w, http:\/\/fonocal-discos.com.ar\/fonocal-discos\/wp-content\/uploads\/2024\/03\/ManalEnObras1980-2-300x300.jpg 300w, http:\/\/fonocal-discos.com.ar\/fonocal-discos\/wp-content\/uploads\/2024\/03\/ManalEnObras1980-2-150x150.jpg 150w\" sizes=\"(max-width: 266px) 100vw, 266px\" \/><figcaption>29-08-23 * \u00abManal en Obras\u00bb regresa restaurado el disco de la m\u00edtica reuni\u00f3n de la primera aplanadora del rock* &#8211; Daniel Bajarl\u00eda <br><a href=\"https:\/\/www.infobae.com\/cultura\/2023\/08\/29\/manal-en-obras-regresa-restaurado-el-disco-de-la-reunion-de-la-primera-aplanadora-del-rock\/\">https:\/\/www.infobae.com\/cultura\/2023\/08\/29\/manal-en-obras-regresa-restaurado-el-disco-de-la-reunion-de-la-primera-aplanadora-del-rock\/<\/a><\/figcaption><\/figure>\n\n\n\n<hr class=\"wp-block-separator has-alpha-channel-opacity\"\/>\n\n\n\n<figure class=\"wp-block-image size-full is-resized\"><img loading=\"lazy\" src=\"http:\/\/fonocal-discos.com.ar\/fonocal-discos\/wp-content\/uploads\/2024\/03\/Canciones-_del_Sur-1-1.jpg\" alt=\"\" class=\"wp-image-1452\" width=\"303\" height=\"303\" srcset=\"http:\/\/fonocal-discos.com.ar\/fonocal-discos\/wp-content\/uploads\/2024\/03\/Canciones-_del_Sur-1-1.jpg 900w, http:\/\/fonocal-discos.com.ar\/fonocal-discos\/wp-content\/uploads\/2024\/03\/Canciones-_del_Sur-1-1-300x300.jpg 300w, http:\/\/fonocal-discos.com.ar\/fonocal-discos\/wp-content\/uploads\/2024\/03\/Canciones-_del_Sur-1-1-768x768.jpg 768w, http:\/\/fonocal-discos.com.ar\/fonocal-discos\/wp-content\/uploads\/2024\/03\/Canciones-_del_Sur-1-1-150x150.jpg 150w\" sizes=\"(max-width: 303px) 100vw, 303px\" \/><figcaption><strong>01-10-23 -* As\u00ed es \u00abCanciones del Sur\u00bb, el disco de Miguel Cantilo, Kubero D\u00edaz y Mono Izaurralde* <\/strong><\/figcaption><\/figure>\n\n\n\n<p><strong>Cristian Vitale <\/strong>    <a href=\"https:\/\/www.pagina12.com.ar\/593241-asi-es-canciones-del-sur-el-disco-de-miguel-cantilo-kubero-d?fbclid=IwAR1XZne800IqMzC9nhMn9H7IvpjWLE0b_cuzZ7iRaiGicI9qNANhQTK4p7o\">https:\/\/www.pagina12.com.ar\/593241-asi-es-canciones-del-sur-el-disco-de-miguel-cantilo-kubero-d?fbclid=IwAR1XZne800IqMzC9nhMn9H7IvpjWLE0b_cuzZ7iRaiGicI9qNANhQTK4p7o<\/a><\/p>\n\n\n\n<hr class=\"wp-block-separator has-alpha-channel-opacity\"\/>\n\n\n\n<figure class=\"wp-block-image size-full is-resized\"><img loading=\"lazy\" src=\"http:\/\/fonocal-discos.com.ar\/fonocal-discos\/wp-content\/uploads\/2024\/04\/Screenshot_20240106-114611.jpg\" alt=\"\" class=\"wp-image-1478\" width=\"329\" height=\"322\" srcset=\"http:\/\/fonocal-discos.com.ar\/fonocal-discos\/wp-content\/uploads\/2024\/04\/Screenshot_20240106-114611.jpg 706w, http:\/\/fonocal-discos.com.ar\/fonocal-discos\/wp-content\/uploads\/2024\/04\/Screenshot_20240106-114611-150x147.jpg 150w, http:\/\/fonocal-discos.com.ar\/fonocal-discos\/wp-content\/uploads\/2024\/04\/Screenshot_20240106-114611-153x150.jpg 153w\" sizes=\"(max-width: 329px) 100vw, 329px\" \/><figcaption><strong>Willy Quiroga en Titanio Studios &#8211; Gata de Noche <\/strong><\/figcaption><\/figure>\n\n\n\n<hr class=\"wp-block-separator has-alpha-channel-opacity\"\/>\n\n\n\n<figure class=\"wp-block-image size-large is-resized\"><img loading=\"lazy\" src=\"http:\/\/fonocal-discos.com.ar\/fonocal-discos\/wp-content\/uploads\/2024\/04\/NEXUS-1024x710.jpg\" alt=\"\" class=\"wp-image-1473\" width=\"470\" height=\"325\"\/><figcaption><strong>Nexus &#8211; INSANIA- Uno de los 10 mejores \u00e1lbumes progresivos del Mundo en 2023<\/strong><\/figcaption><\/figure>\n\n\n\n<hr class=\"wp-block-separator has-alpha-channel-opacity\"\/>\n\n\n\n<figure class=\"wp-block-image size-large is-resized\"><img loading=\"lazy\" src=\"http:\/\/fonocal-discos.com.ar\/fonocal-discos\/wp-content\/uploads\/2024\/04\/WhatsApp-Image-2024-03-06-at-00.51.42-1024x1024.jpeg\" alt=\"\" class=\"wp-image-1475\" width=\"231\" height=\"231\" srcset=\"http:\/\/fonocal-discos.com.ar\/fonocal-discos\/wp-content\/uploads\/2024\/04\/WhatsApp-Image-2024-03-06-at-00.51.42-1024x1024.jpeg 1024w, http:\/\/fonocal-discos.com.ar\/fonocal-discos\/wp-content\/uploads\/2024\/04\/WhatsApp-Image-2024-03-06-at-00.51.42-300x300.jpeg 300w, http:\/\/fonocal-discos.com.ar\/fonocal-discos\/wp-content\/uploads\/2024\/04\/WhatsApp-Image-2024-03-06-at-00.51.42-768x768.jpeg 768w\" sizes=\"(max-width: 231px) 100vw, 231px\" \/><figcaption><strong>Ricardo Onfel recibiendo los  Cd de La Fuente que se sumaron a nuestro cat\u00e1logo<\/strong><\/figcaption><\/figure>\n\n\n\n<hr class=\"wp-block-separator has-alpha-channel-opacity\"\/>\n\n\n\n<p><\/p>\n\n\n\n<figure class=\"wp-block-image size-full is-resized\"><img loading=\"lazy\" src=\"http:\/\/fonocal-discos.com.ar\/fonocal-discos\/wp-content\/uploads\/2024\/04\/2723-Hector-StarcENVIVO2-cd.jpg\" alt=\"\" class=\"wp-image-1474\" width=\"243\" height=\"243\" srcset=\"http:\/\/fonocal-discos.com.ar\/fonocal-discos\/wp-content\/uploads\/2024\/04\/2723-Hector-StarcENVIVO2-cd.jpg 900w, http:\/\/fonocal-discos.com.ar\/fonocal-discos\/wp-content\/uploads\/2024\/04\/2723-Hector-StarcENVIVO2-cd-300x300.jpg 300w, http:\/\/fonocal-discos.com.ar\/fonocal-discos\/wp-content\/uploads\/2024\/04\/2723-Hector-StarcENVIVO2-cd-768x768.jpg 768w, http:\/\/fonocal-discos.com.ar\/fonocal-discos\/wp-content\/uploads\/2024\/04\/2723-Hector-StarcENVIVO2-cd-150x150.jpg 150w\" sizes=\"(max-width: 243px) 100vw, 243px\" \/><figcaption><strong>Que alegr\u00eda el nuevo disco. H\u00e9ctor Starc<\/strong>   <a href=\"https:\/\/www.facebook.com\/starcguitars\/videos\/1793459657835303\/\">https:\/\/www.facebook.com\/starcguitars\/videos\/1793459657835303\/<\/a><\/figcaption><\/figure>\n\n\n\n<hr class=\"wp-block-separator has-alpha-channel-opacity\"\/>\n\n\n\n<figure class=\"wp-block-image size-large is-resized\"><img loading=\"lazy\" src=\"http:\/\/fonocal-discos.com.ar\/fonocal-discos\/wp-content\/uploads\/2025\/05\/356657185_806297010997999_4724560001932632467_n-1024x1024.jpg\" alt=\"\" class=\"wp-image-1764\" width=\"245\" height=\"245\" srcset=\"http:\/\/fonocal-discos.com.ar\/fonocal-discos\/wp-content\/uploads\/2025\/05\/356657185_806297010997999_4724560001932632467_n-1024x1024.jpg 1024w, http:\/\/fonocal-discos.com.ar\/fonocal-discos\/wp-content\/uploads\/2025\/05\/356657185_806297010997999_4724560001932632467_n-300x300.jpg 300w, http:\/\/fonocal-discos.com.ar\/fonocal-discos\/wp-content\/uploads\/2025\/05\/356657185_806297010997999_4724560001932632467_n-768x768.jpg 768w\" sizes=\"(max-width: 245px) 100vw, 245px\" \/><figcaption><strong>3 de Marzo 2024 <\/strong>&#8211; <strong>Reediciones &#8211; El Reloj<\/strong> <\/figcaption><\/figure>\n\n\n\n<p><strong>Alejandro Do Carmo<\/strong>  <a href=\"http:\/\/madhouse.com.ar\/2024\/03\/03\/reediciones-el-reloj-revisita-dos-gemas-de-su-legendario-catalogo\/\" data-type=\"URL\" data-id=\"http:\/\/madhouse.com.ar\/2024\/03\/03\/reediciones-el-reloj-revisita-dos-gemas-de-su-legendario-catalogo\/\">http:\/\/madhouse.com.ar\/2024\/03\/03\/reediciones-el-reloj-revisita-dos-gemas-de-su-legendario-catalogo\/<\/a>   <\/p>\n\n\n\n<hr class=\"wp-block-separator has-alpha-channel-opacity\"\/>\n\n\n\n<figure class=\"wp-block-image size-full is-resized\"><img loading=\"lazy\" src=\"http:\/\/fonocal-discos.com.ar\/fonocal-discos\/wp-content\/uploads\/2024\/04\/oooPPiiieroooo.jpg\" alt=\"\" class=\"wp-image-1482\" width=\"182\" height=\"251\" srcset=\"http:\/\/fonocal-discos.com.ar\/fonocal-discos\/wp-content\/uploads\/2024\/04\/oooPPiiieroooo.jpg 297w, http:\/\/fonocal-discos.com.ar\/fonocal-discos\/wp-content\/uploads\/2024\/04\/oooPPiiieroooo-109x150.jpg 109w\" sizes=\"(max-width: 182px) 100vw, 182px\" \/><figcaption><strong>04-04-24 Toma la Ruta del Rock &#8211; Piero Carpin, la memoria del Rock &#8211; Radio Municipal FV- Jorge Flores <\/strong><a href=\"https:\/\/www.youtube.com\/watch?v=qq22O0noVmc\">https:\/\/www.youtube.com\/watch?v=qq22O0noVmc<\/a><\/figcaption><\/figure>\n\n\n\n<hr class=\"wp-block-separator has-alpha-channel-opacity\"\/>\n\n\n\n<figure class=\"wp-block-image size-full is-resized\"><img loading=\"lazy\" src=\"http:\/\/fonocal-discos.com.ar\/fonocal-discos\/wp-content\/uploads\/2024\/07\/Horizonte-Raices-Erausquin.jpg\" alt=\"\" class=\"wp-image-1620\" width=\"411\" height=\"439\" srcset=\"http:\/\/fonocal-discos.com.ar\/fonocal-discos\/wp-content\/uploads\/2024\/07\/Horizonte-Raices-Erausquin.jpg 757w, http:\/\/fonocal-discos.com.ar\/fonocal-discos\/wp-content\/uploads\/2024\/07\/Horizonte-Raices-Erausquin-140x150.jpg 140w\" sizes=\"(max-width: 411px) 100vw, 411px\" \/><figcaption> <strong>Abril 2024 <\/strong>&#8211;<strong>Reedici\u00f3n en CD de los \u00e1lbumes de Horizonte, Ra\u00edces y Miguel \u00c1ngel Erausquin<\/strong>  <a href=\"https:\/\/inamu.musica.ar\/reedicion-horizonte-raices-erausquin\">https:\/\/inamu.musica.ar\/reedicion-horizonte-raices-erausquin<\/a><\/figcaption><\/figure>\n\n\n\n<hr class=\"wp-block-separator has-alpha-channel-opacity\"\/>\n\n\n\n<figure class=\"wp-block-image size-full is-resized\"><img loading=\"lazy\" src=\"http:\/\/fonocal-discos.com.ar\/fonocal-discos\/wp-content\/uploads\/2024\/09\/a-pagina-1.png\" alt=\"\" class=\"wp-image-1654\" width=\"424\" height=\"247\" srcset=\"http:\/\/fonocal-discos.com.ar\/fonocal-discos\/wp-content\/uploads\/2024\/09\/a-pagina-1.png 895w, http:\/\/fonocal-discos.com.ar\/fonocal-discos\/wp-content\/uploads\/2024\/09\/a-pagina-1-150x88.png 150w, http:\/\/fonocal-discos.com.ar\/fonocal-discos\/wp-content\/uploads\/2024\/09\/a-pagina-1-250x146.png 250w\" sizes=\"(max-width: 424px) 100vw, 424px\" \/><figcaption><strong>04-07-24 Reeditaron discos perdidos de Horizonte, Ra\u00edces y Miguel \u00c1ngel Erausquin <\/strong><a href=\"https:\/\/www.elcordillerano.com.ar\/noticias\/2024\/07\/04\/192196-reeditaron-discos-perdidos-de-horizonte-raices-y-miguel-ngel-erausquin\">https:\/\/www.elcordillerano.com.ar\/noticias\/2024\/07\/04\/192196-reeditaron-discos-perdidos-de-horizonte-raices-y-miguel-ngel-erausquin<\/a><\/figcaption><\/figure>\n\n\n\n<hr class=\"wp-block-separator has-alpha-channel-opacity\"\/>\n\n\n\n<figure class=\"wp-block-image size-large is-resized\"><img loading=\"lazy\" src=\"http:\/\/fonocal-discos.com.ar\/fonocal-discos\/wp-content\/uploads\/2025\/01\/piero-gabrielCocaro-1024x834.png\" alt=\"\" class=\"wp-image-1731\" width=\"401\" height=\"327\"\/><figcaption>Reediciones de 3 \u00e1lbumes del D\u00fao Pastoral- En el Hospicio &#8211; Humanos &#8211; Atrapados en el cielo <\/figcaption><\/figure>\n\n\n\n<hr class=\"wp-block-separator has-alpha-channel-opacity\"\/>\n\n\n\n<figure class=\"wp-block-image size-large is-resized\"><img loading=\"lazy\" src=\"http:\/\/fonocal-discos.com.ar\/fonocal-discos\/wp-content\/uploads\/2024\/07\/Alberto-Comte-1024x1024.jpeg\" alt=\"\" class=\"wp-image-1626\" width=\"282\" height=\"282\" srcset=\"http:\/\/fonocal-discos.com.ar\/fonocal-discos\/wp-content\/uploads\/2024\/07\/Alberto-Comte-1024x1024.jpeg 1024w, http:\/\/fonocal-discos.com.ar\/fonocal-discos\/wp-content\/uploads\/2024\/07\/Alberto-Comte-300x300.jpeg 300w, http:\/\/fonocal-discos.com.ar\/fonocal-discos\/wp-content\/uploads\/2024\/07\/Alberto-Comte-768x768.jpeg 768w\" sizes=\"(max-width: 282px) 100vw, 282px\" \/><figcaption><strong>Alberto Conte, 1ra guitarra de Los Pick Ups, con el Box Set que  contiene los 4 cd de la banda  <\/strong><\/figcaption><\/figure>\n\n\n\n<figure class=\"wp-block-image size-full is-resized\"><img loading=\"lazy\" src=\"http:\/\/fonocal-discos.com.ar\/fonocal-discos\/wp-content\/uploads\/2024\/09\/paraPAGINA.jpg\" alt=\"\" class=\"wp-image-1648\" width=\"430\" height=\"277\" srcset=\"http:\/\/fonocal-discos.com.ar\/fonocal-discos\/wp-content\/uploads\/2024\/09\/paraPAGINA.jpg 914w, http:\/\/fonocal-discos.com.ar\/fonocal-discos\/wp-content\/uploads\/2024\/09\/paraPAGINA-150x96.jpg 150w, http:\/\/fonocal-discos.com.ar\/fonocal-discos\/wp-content\/uploads\/2024\/09\/paraPAGINA-233x150.jpg 233w\" sizes=\"(max-width: 430px) 100vw, 430px\" \/><\/figure>\n\n\n\n<hr class=\"wp-block-separator has-alpha-channel-opacity\"\/>\n\n\n\n<p>*<strong>Compartimos la nota  acerca del lanzamiento de Los Pick-Ups<\/strong>  <strong>Gracias a la gente de Clar\u00edn &#8211; Cristian Sirouyan &#8211; 07-12-24<\/strong><\/p>\n\n\n\n<p><a href=\"https:\/\/www.clarin.com\/espectaculos\/pick-ups-historia-sobreviviente-prehistoria-rock-castellano-argentina_0_85VLHCN4jd.amp.html?fbclid=IwY2xjawHDSAFleHRuA2FlbQIxMAABHS4nypmnDig8ZIz8E5Gake7frrS523OzUg-JDAetQk04QIj5QBntTE3ZQw_aem_GjpZajZNH_CYbfFkuenjEA\">https:\/\/www.clarin.com\/espectaculos\/pick-ups-historia-sobreviviente-prehistoria-rock-castellano-argentina_0_85VLHCN4jd.amp.html?fbclid=IwY2xjawHDSAFleHRuA2FlbQIxMAABHS4nypmnDig8ZIz8E5Gake7frrS523OzUg-JDAetQk04QIj5QBntTE3ZQw_aem_GjpZajZNH_CYbfFkuenjEA<\/a><\/p>\n\n\n\n<figure class=\"wp-block-image size-large is-resized\"><img loading=\"lazy\" src=\"http:\/\/fonocal-discos.com.ar\/fonocal-discos\/wp-content\/uploads\/2025\/03\/fonoooooo-1024x843.png\" alt=\"\" class=\"wp-image-1748\" width=\"357\" height=\"293\"\/><\/figure>\n\n\n\n<hr class=\"wp-block-separator has-alpha-channel-opacity\"\/>\n\n\n\n<p>*<strong>Compartimos la nota acerca del \u00e1lbum El 60 de Alejandro  Do Carmo 27-02- 25 <\/strong>*<a href=\"https:\/\/madhouse.com.ar\/2025\/02\/27\/reediciones-el-60-de-hector-starc-y-beto-satragni-un-viaje-entre-dos-decadas\/?fbclid=IwY2xjawI5kHhleHRuA2FlbQIxMAABHVq3uU59gXNjMGCpVd250FN9iWxoqtGBttkhcOdlCrnIHSwa0HbnlJGByA_aem_4QuTDdGa__NkqmfM0Va2SA\">https:\/\/madhouse.com.ar\/2025\/02\/27\/reediciones-el-60-de-hector-starc-y-beto-satragni-un-viaje-entre-dos-decadas\/?fbclid=IwY2xjawI5kHhleHRuA2FlbQIxMAABHVq3uU59gXNjMGCpVd250FN9iWxoqtGBttkhcOdlCrnIHSwa0HbnlJGByA_aem_4QuTDdGa__NkqmfM0Va2SA<\/a><\/p>\n\n\n\n<figure class=\"wp-block-image size-large is-resized\"><img loading=\"lazy\" src=\"http:\/\/fonocal-discos.com.ar\/fonocal-discos\/wp-content\/uploads\/2025\/03\/CARMO-1024x893.png\" alt=\"\" class=\"wp-image-1747\" width=\"405\" height=\"353\"\/><\/figure>\n\n\n\n<hr class=\"wp-block-separator has-alpha-channel-opacity\"\/>\n\n\n\n<p>*<strong>Compartimos la nota de Alejandro Do Carmo 07-06-25<\/strong> <\/p>\n\n\n\n<figure class=\"wp-block-image size-large is-resized\"><img loading=\"lazy\" src=\"http:\/\/fonocal-discos.com.ar\/fonocal-discos\/wp-content\/uploads\/2025\/06\/88888-1024x843.jpg\" alt=\"\" class=\"wp-image-1772\" width=\"318\" height=\"261\"\/><figcaption><a href=\"https:\/\/madhouse.com.ar\/2025\/06\/07\/reediciones-hugo-racca-montesano-y-rayuela-tres-discos-descatalogados-que-vuelven-a-las-bateas\/\">https:\/\/madhouse.com.ar\/2025\/06\/07\/reediciones-hugo-racca-montesano-y-rayuela-tres-discos-descatalogados-que-vuelven-a-las-bateas\/<\/a><\/figcaption><\/figure>\n\n\n\n<hr class=\"wp-block-separator has-alpha-channel-opacity\"\/>\n\n\n\n<p>*<strong>Compartimos la  publicaci\u00f3n  de Cabezademoog con fecha 05-09-25 <\/strong> <a href=\"https:\/\/cabezademoog.blogspot.com\/2025\/09\/daddy-antogna-y-los-de-helio-hasta.html?m=1\">https:\/\/cabezademoog.blogspot.com\/2025\/09\/daddy-antogna-y-los-de-helio-hasta.html?m=1<\/a><\/p>\n\n\n\n<figure class=\"wp-block-image size-large is-resized\"><img loading=\"lazy\" src=\"http:\/\/fonocal-discos.com.ar\/fonocal-discos\/wp-content\/uploads\/2025\/09\/nota-1024x956.jpg\" alt=\"\" class=\"wp-image-1799\" width=\"304\" height=\"284\"\/><\/figure>\n\n\n\n<hr class=\"wp-block-separator has-alpha-channel-opacity\"\/>\n\n\n\n<figure class=\"wp-block-image size-full is-resized\"><img loading=\"lazy\" src=\"http:\/\/fonocal-discos.com.ar\/fonocal-discos\/wp-content\/uploads\/2025\/09\/Nota1.jpg\" alt=\"\" class=\"wp-image-1803\" width=\"300\" height=\"246\" srcset=\"http:\/\/fonocal-discos.com.ar\/fonocal-discos\/wp-content\/uploads\/2025\/09\/Nota1.jpg 856w, http:\/\/fonocal-discos.com.ar\/fonocal-discos\/wp-content\/uploads\/2025\/09\/Nota1-150x124.jpg 150w, http:\/\/fonocal-discos.com.ar\/fonocal-discos\/wp-content\/uploads\/2025\/09\/Nota1-182x150.jpg 182w\" sizes=\"(max-width: 300px) 100vw, 300px\" \/><figcaption><strong>Compartimos  la  publicaci\u00f3n de Rock-Art &#8211; revista de rock <\/strong>&#8211; <strong>Septiembre 2025 <\/strong><br><a href=\"https:\/\/www.rockartco.com\/post\/hasta-ben%C3%ADn-la-resurrecci%C3%B3n-sonora-de-un-gigante-del-rock-argentino\">https:\/\/www.rockartco.com\/post\/hasta-ben%C3%ADn-la-resurrecci%C3%B3n-sonora-de-un-gigante-del-rock-argentino<\/a><\/figcaption><\/figure>\n\n\n\n<hr class=\"wp-block-separator has-alpha-channel-opacity\"\/>\n\n\n\n<figure class=\"wp-block-image size-full is-resized\"><img loading=\"lazy\" src=\"http:\/\/fonocal-discos.com.ar\/fonocal-discos\/wp-content\/uploads\/2025\/09\/3.jpg\" alt=\"\" class=\"wp-image-1807\" width=\"316\" height=\"306\" srcset=\"http:\/\/fonocal-discos.com.ar\/fonocal-discos\/wp-content\/uploads\/2025\/09\/3.jpg 708w, http:\/\/fonocal-discos.com.ar\/fonocal-discos\/wp-content\/uploads\/2025\/09\/3-150x145.jpg 150w, http:\/\/fonocal-discos.com.ar\/fonocal-discos\/wp-content\/uploads\/2025\/09\/3-155x150.jpg 155w\" sizes=\"(max-width: 316px) 100vw, 316px\" \/><figcaption><strong>Publicaci\u00f3n de Volcano FM &#8211; 10-09-2025 <\/strong><br><a href=\"https:\/\/www.volcanofm.com\/hasta-benin-el-legado-sonoro-de-daddy-antogna-y-los-de-helio-ve-la-luz\/\">https:\/\/www.volcanofm.com\/hasta-benin-el-legado-sonoro-de-daddy-antogna-y-los-de-helio-ve-la-luz\/<\/a><\/figcaption><\/figure>\n\n\n\n<hr class=\"wp-block-separator has-alpha-channel-opacity\"\/>\n\n\n\n<figure class=\"wp-block-image size-large is-resized\"><img loading=\"lazy\" src=\"http:\/\/fonocal-discos.com.ar\/fonocal-discos\/wp-content\/uploads\/2025\/09\/daddddd-1024x950.png\" alt=\"\" class=\"wp-image-1811\" width=\"322\" height=\"299\"\/><figcaption><strong>Publicaci\u00f3n de La Agenda &#8211; Revista &#8211; Pablo Strozza 25-9-2025<\/strong> <br><a href=\"https:\/\/laagenda.buenosaires.gob.ar\/?contenido=90378-heroe-de-los-tom-toms\">https:\/\/laagenda.buenosaires.gob.ar\/?contenido=90378-heroe-de-los-tom-toms<\/a><\/figcaption><\/figure>\n\n\n\n<hr class=\"wp-block-separator has-alpha-channel-opacity\"\/>\n\n\n\n<figure class=\"wp-block-image size-full is-resized\"><img loading=\"lazy\" src=\"http:\/\/fonocal-discos.com.ar\/fonocal-discos\/wp-content\/uploads\/2025\/09\/daddy.jpg\" alt=\"\" class=\"wp-image-1818\" width=\"312\" height=\"280\" srcset=\"http:\/\/fonocal-discos.com.ar\/fonocal-discos\/wp-content\/uploads\/2025\/09\/daddy.jpg 684w, http:\/\/fonocal-discos.com.ar\/fonocal-discos\/wp-content\/uploads\/2025\/09\/daddy-150x134.jpg 150w, http:\/\/fonocal-discos.com.ar\/fonocal-discos\/wp-content\/uploads\/2025\/09\/daddy-167x150.jpg 167w\" sizes=\"(max-width: 312px) 100vw, 312px\" \/><figcaption><strong><a href=\"https:\/\/autopoietican.blogspot.com\/2025\/09\/el-destino-final-del-viaje-rockero-de.html\">Publicaci\u00f3n de AUTOPOIETICAN &#8211;  C\u00e9sar  Inca Mendoza Loyola  26-09-2025<\/a><\/strong><br><strong><a href=\"https:\/\/autopoietican.blogspot.com\/2025\/09\/el-destino-final-del-viaje-rockero-de.html\"><br><\/a><\/strong><\/figcaption><\/figure>\n\n\n\n<hr class=\"wp-block-separator has-alpha-channel-opacity\"\/>\n\n\n\n<figure class=\"wp-block-image size-full is-resized\"><img loading=\"lazy\" src=\"http:\/\/fonocal-discos.com.ar\/fonocal-discos\/wp-content\/uploads\/2025\/11\/jjjjjjj.jpg\" alt=\"\" class=\"wp-image-1824\" width=\"455\" height=\"334\" srcset=\"http:\/\/fonocal-discos.com.ar\/fonocal-discos\/wp-content\/uploads\/2025\/11\/jjjjjjj.jpg 907w, http:\/\/fonocal-discos.com.ar\/fonocal-discos\/wp-content\/uploads\/2025\/11\/jjjjjjj-150x110.jpg 150w, http:\/\/fonocal-discos.com.ar\/fonocal-discos\/wp-content\/uploads\/2025\/11\/jjjjjjj-204x150.jpg 204w\" sizes=\"(max-width: 455px) 100vw, 455px\" \/><figcaption><strong>Publicaci\u00f3n de  Carlos Noro &#8211; 30-10-25<\/strong><br> <a href=\"https:\/\/estoesnota.com\/fonocal-sello-discos-rock-argentino-memoria\/\">https:\/\/estoesnota.com\/fonocal-sello-discos-rock-argentino-memoria\/<\/a><\/figcaption><\/figure>\n\n\n\n<hr class=\"wp-block-separator has-alpha-channel-opacity\"\/>\n\n\n\n<figure class=\"wp-block-image size-large is-resized\"><img loading=\"lazy\" src=\"http:\/\/fonocal-discos.com.ar\/fonocal-discos\/wp-content\/uploads\/2025\/12\/notaCARLOS-1024x844.jpg\" alt=\"\" class=\"wp-image-1832\" width=\"480\" height=\"395\"\/><figcaption><strong>Publicaci\u00f3n de Carlos Noro &#8211; 30-12-25<\/strong> <br>  <a href=\"https:\/\/rockandball.com.ar\/rock\/fonocal-y-la-historia-que-no-entro-en-el-canon-176136\/\">https:\/\/rockandball.com.ar\/rock\/fonocal-y-la-historia-que-no-entro-en-el-canon-176136\/<\/a><\/figcaption><\/figure>\n","protected":false},"excerpt":{"rendered":"<p>Aclaramos que est\u00e1n disponibles en estuches individuales o el Set box por 3 http:\/\/madhouse.com.ar\/2023\/08\/28\/reediciones-libertad-condicional-de-mordaz-un-disco-de-culto-que-vuelve-a-las-bateas\/ Cristian Vitale https:\/\/www.pagina12.com.ar\/593241-asi-es-canciones-del-sur-el-disco-de-miguel-cantilo-kubero-d?fbclid=IwAR1XZne800IqMzC9nhMn9H7IvpjWLE0b_cuzZ7iRaiGicI9qNANhQTK4p7o Alejandro Do Carmo http:\/\/madhouse.com.ar\/2024\/03\/03\/reediciones-el-reloj-revisita-dos-gemas-de-su-legendario-catalogo\/ *Compartimos la nota acerca del lanzamiento de Los Pick-Ups Gracias a la gente de Clar\u00edn &#8211; Cristian Sirouyan &#8211; 07-12-24 https:\/\/www.clarin.com\/espectaculos\/pick-ups-historia-sobreviviente-prehistoria-rock-castellano-argentina_0_85VLHCN4jd.amp.html?fbclid=IwY2xjawHDSAFleHRuA2FlbQIxMAABHS4nypmnDig8ZIz8E5Gake7frrS523OzUg-JDAetQk04QIj5QBntTE3ZQw_aem_GjpZajZNH_CYbfFkuenjEA *Compartimos la nota acerca del \u00e1lbum El 60 \u2026 <a class=\"continue-reading-link\" href=\"http:\/\/fonocal-discos.com.ar\/fonocal-discos\/prensa-notas\/\"> Continue reading <span class=\"meta-nav\">&rarr; <\/span><\/a><\/p>\n","protected":false},"author":1,"featured_media":0,"parent":0,"menu_order":0,"comment_status":"closed","ping_status":"closed","template":"","meta":[],"_links":{"self":[{"href":"http:\/\/fonocal-discos.com.ar\/fonocal-discos\/wp-json\/wp\/v2\/pages\/1180"}],"collection":[{"href":"http:\/\/fonocal-discos.com.ar\/fonocal-discos\/wp-json\/wp\/v2\/pages"}],"about":[{"href":"http:\/\/fonocal-discos.com.ar\/fonocal-discos\/wp-json\/wp\/v2\/types\/page"}],"author":[{"embeddable":true,"href":"http:\/\/fonocal-discos.com.ar\/fonocal-discos\/wp-json\/wp\/v2\/users\/1"}],"replies":[{"embeddable":true,"href":"http:\/\/fonocal-discos.com.ar\/fonocal-discos\/wp-json\/wp\/v2\/comments?post=1180"}],"version-history":[{"count":29,"href":"http:\/\/fonocal-discos.com.ar\/fonocal-discos\/wp-json\/wp\/v2\/pages\/1180\/revisions"}],"predecessor-version":[{"id":1838,"href":"http:\/\/fonocal-discos.com.ar\/fonocal-discos\/wp-json\/wp\/v2\/pages\/1180\/revisions\/1838"}],"wp:attachment":[{"href":"http:\/\/fonocal-discos.com.ar\/fonocal-discos\/wp-json\/wp\/v2\/media?parent=1180"}],"curies":[{"name":"wp","href":"https:\/\/api.w.org\/{rel}","templated":true}]}}