{"id":1140,"date":"2024-01-29T20:05:56","date_gmt":"2024-01-29T23:05:56","guid":{"rendered":"http:\/\/fonocal-discos.com.ar\/fonocal-discos\/?page_id=1140"},"modified":"2025-02-13T18:40:25","modified_gmt":"2025-02-13T21:40:25","slug":"novedades-2024","status":"publish","type":"page","link":"http:\/\/fonocal-discos.com.ar\/fonocal-discos\/novedades-2024\/","title":{"rendered":"\u266a Lanzamientos 2024 \u266b"},"content":{"rendered":"\n<figure class=\"wp-block-image size-full is-resized\"><img loading=\"lazy\" src=\"http:\/\/fonocal-discos.com.ar\/fonocal-discos\/wp-content\/uploads\/2024\/01\/Dany-Martin-2.jpg\" alt=\"\" class=\"wp-image-1141\" width=\"239\" height=\"239\" srcset=\"http:\/\/fonocal-discos.com.ar\/fonocal-discos\/wp-content\/uploads\/2024\/01\/Dany-Martin-2.jpg 600w, http:\/\/fonocal-discos.com.ar\/fonocal-discos\/wp-content\/uploads\/2024\/01\/Dany-Martin-2-300x300.jpg 300w, http:\/\/fonocal-discos.com.ar\/fonocal-discos\/wp-content\/uploads\/2024\/01\/Dany-Martin-2-150x150.jpg 150w\" sizes=\"(max-width: 239px) 100vw, 239px\" \/><figcaption><strong>Dany Martin &#8211; Toda una vida &#8211; C\u00f3digo= 576 &#8211; Disponible en CD<\/strong><\/figcaption><\/figure>\n\n\n\n<p>Temas:<\/p>\n\n\n\n<ul><li>Toda una vida<\/li><li>De lo que te has perdido<\/li><li>La puerta<\/li><li>Yo que t\u00fa me enamoraba<\/li><li>Por amor<\/li><li>Amanec\u00ed en tus brazos<\/li><li>Te llevo bajo mi  piel<\/li><li>Es cosa m\u00eda<\/li><li>Un amor para la historia<\/li><li>Un loco como yo <\/li><li>Que mal amada est\u00e1s <\/li><li>J\u00farame<\/li><\/ul>\n\n\n\n<hr class=\"wp-block-separator has-alpha-channel-opacity\"\/>\n\n\n\n<figure class=\"wp-block-image size-full is-resized\"><img loading=\"lazy\" src=\"http:\/\/fonocal-discos.com.ar\/fonocal-discos\/wp-content\/uploads\/2024\/01\/Caoba_Jazz-Band.jpg\" alt=\"\" class=\"wp-image-1143\" width=\"230\" height=\"230\" srcset=\"http:\/\/fonocal-discos.com.ar\/fonocal-discos\/wp-content\/uploads\/2024\/01\/Caoba_Jazz-Band.jpg 600w, http:\/\/fonocal-discos.com.ar\/fonocal-discos\/wp-content\/uploads\/2024\/01\/Caoba_Jazz-Band-300x300.jpg 300w, http:\/\/fonocal-discos.com.ar\/fonocal-discos\/wp-content\/uploads\/2024\/01\/Caoba_Jazz-Band-150x150.jpg 150w\" sizes=\"(max-width: 230px) 100vw, 230px\" \/><figcaption><strong>Caoba Jazz Band &#8211;  Stomp de Buenos Aires &#8211; C\u00f3digo= 577 &#8211; Disponible en Cd<\/strong><\/figcaption><\/figure>\n\n\n\n<p>Temas:<\/p>\n\n\n\n<ul><li>Weary Stomp<\/li><li>Shout \u00b4 Em Aunt Tillie<\/li><li>Static Strut<\/li><li>Stuff<\/li><li>St. Louis Blues  <\/li><li>Boodele \u00b4 Am Shake     <\/li><li>Jones Law \u00b4 s Blues  <\/li><li>Jackass Blues  <\/li><li>Blues of Kentucky <\/li><li>Mounrnful Seranade <\/li><\/ul>\n\n\n\n<p><a href=\"https:\/\/www.youtube.com\/watch?v=8rDyUHdEbBk&amp;t=14s\">https:\/\/www.youtube.com\/watch?v=8rDyUHdEbBk&amp;t=14s<\/a><\/p>\n\n\n\n<hr class=\"wp-block-separator has-alpha-channel-opacity\"\/>\n\n\n\n<figure class=\"wp-block-image size-full is-resized\"><img loading=\"lazy\" src=\"http:\/\/fonocal-discos.com.ar\/fonocal-discos\/wp-content\/uploads\/2024\/01\/Santos_Y_Verdugos.jpg\" alt=\"\" class=\"wp-image-1147\" width=\"204\" height=\"204\" srcset=\"http:\/\/fonocal-discos.com.ar\/fonocal-discos\/wp-content\/uploads\/2024\/01\/Santos_Y_Verdugos.jpg 600w, http:\/\/fonocal-discos.com.ar\/fonocal-discos\/wp-content\/uploads\/2024\/01\/Santos_Y_Verdugos-300x300.jpg 300w, http:\/\/fonocal-discos.com.ar\/fonocal-discos\/wp-content\/uploads\/2024\/01\/Santos_Y_Verdugos-150x150.jpg 150w\" sizes=\"(max-width: 204px) 100vw, 204px\" \/><figcaption><strong>El Reloj &#8211; Santos y Verdugos  &#8211; C\u00f3digo= 2736 Disponible en CD<\/strong><\/figcaption><\/figure>\n\n\n\n<p> Temas:<\/p>\n\n\n\n<ul><li>Amistad Universal <\/li><li>F\u00e1bula del  hombre y el  rat\u00f3n<\/li><li>Oh! Realidad <\/li><li>El sol del  coraz\u00f3n <\/li><li>Un camino <\/li><li>No venimos solos <\/li><li>El inmigrante <\/li><li>La esencia es la misma <\/li><li>Tu mente  busca <\/li><li>La ciudad desconocida <\/li><li>Alguien m\u00e1s en quien  confiar <\/li><li>El blues del  atardecer <\/li><li>Solo de bater\u00eda <\/li><li>El mandato <\/li><li>Balada del  potrero <\/li><\/ul>\n\n\n\n<p><a href=\"https:\/\/www.youtube.com\/watch?v=DknWfUqtgHQ\">https:\/\/www.youtube.com\/watch?v=DknWfUqtgHQ<\/a><\/p>\n\n\n\n<hr class=\"wp-block-separator has-alpha-channel-opacity\"\/>\n\n\n\n<figure class=\"wp-block-image size-full is-resized\"><a href=\"https:\/\/www.youtube.com\/watch?v=691tEVNF-Xo\"><img loading=\"lazy\" src=\"http:\/\/fonocal-discos.com.ar\/fonocal-discos\/wp-content\/uploads\/2024\/01\/La-esencia-es-la-misma.jpg\" alt=\"\" class=\"wp-image-1148\" width=\"237\" height=\"237\" srcset=\"http:\/\/fonocal-discos.com.ar\/fonocal-discos\/wp-content\/uploads\/2024\/01\/La-esencia-es-la-misma.jpg 600w, http:\/\/fonocal-discos.com.ar\/fonocal-discos\/wp-content\/uploads\/2024\/01\/La-esencia-es-la-misma-300x300.jpg 300w, http:\/\/fonocal-discos.com.ar\/fonocal-discos\/wp-content\/uploads\/2024\/01\/La-esencia-es-la-misma-150x150.jpg 150w\" sizes=\"(max-width: 237px) 100vw, 237px\" \/><\/a><figcaption><strong>El Reloj &#8211; La esencia es la misma &#8211; C\u00f3digo= 2724 &#8211; Disponible en  CD<\/strong> <br><\/figcaption><\/figure>\n\n\n\n<p>Temas: <\/p>\n\n\n\n<ul><li>La esencia es la misma<\/li><li>Un extra\u00f1o dolor<\/li><li>Cada instante&#8230; cada cosa <\/li><li>Libertad Umblical <\/li><li>F\u00e1bulas del  hombre  y el  rat\u00f3n <\/li><li>Sublimaci\u00f3n a la vida<\/li><li>La raz\u00f3n d\u00e9 existir  <\/li><\/ul>\n\n\n\n<p><a href=\"https:\/\/www.youtube.com\/watch?v=691tEVNF-Xo\">https:\/\/www.youtube.com\/watch?v=691tEVNF-Xo<\/a><\/p>\n\n\n\n<hr class=\"wp-block-separator has-alpha-channel-opacity\"\/>\n\n\n\n<figure class=\"wp-block-image size-full is-resized\"><img loading=\"lazy\" src=\"http:\/\/fonocal-discos.com.ar\/fonocal-discos\/wp-content\/uploads\/2024\/01\/La-fuente-La-fuente.jpg\" alt=\"\" class=\"wp-image-1164\" width=\"253\" height=\"253\" srcset=\"http:\/\/fonocal-discos.com.ar\/fonocal-discos\/wp-content\/uploads\/2024\/01\/La-fuente-La-fuente.jpg 600w, http:\/\/fonocal-discos.com.ar\/fonocal-discos\/wp-content\/uploads\/2024\/01\/La-fuente-La-fuente-300x300.jpg 300w, http:\/\/fonocal-discos.com.ar\/fonocal-discos\/wp-content\/uploads\/2024\/01\/La-fuente-La-fuente-150x150.jpg 150w\" sizes=\"(max-width: 253px) 100vw, 253px\" \/><figcaption><strong>La Fuente &#8211; La Fuente  &#8211; C\u00f3digo= 2734 &#8211; Disponible en  CD <\/strong><\/figcaption><\/figure>\n\n\n\n<p> Temas: <\/p>\n\n\n\n<ul><li>Oh, amigos quiero estar con ustedes<\/li><li> Dame algo de tu polen <\/li><li> Canto al cielo<\/li><li> Mundos paralelos<\/li><li> Que viva nuestra esperanza <\/li><li> La floresta de Tijuca<\/li><li> De este valle viejo <\/li><li> R\u00e9quiem  a la civilizaci\u00f3n incaica <\/li><li> La verdad siempre vive escondida  <\/li><\/ul>\n\n\n\n<hr class=\"wp-block-separator has-alpha-channel-opacity\"\/>\n\n\n\n<figure class=\"wp-block-image size-full is-resized\"><img loading=\"lazy\" src=\"http:\/\/fonocal-discos.com.ar\/fonocal-discos\/wp-content\/uploads\/2024\/01\/La-fuente-El-grito-primal.jpg\" alt=\"\" class=\"wp-image-1166\" width=\"244\" height=\"244\" srcset=\"http:\/\/fonocal-discos.com.ar\/fonocal-discos\/wp-content\/uploads\/2024\/01\/La-fuente-El-grito-primal.jpg 600w, http:\/\/fonocal-discos.com.ar\/fonocal-discos\/wp-content\/uploads\/2024\/01\/La-fuente-El-grito-primal-300x300.jpg 300w, http:\/\/fonocal-discos.com.ar\/fonocal-discos\/wp-content\/uploads\/2024\/01\/La-fuente-El-grito-primal-150x150.jpg 150w\" sizes=\"(max-width: 244px) 100vw, 244px\" \/><figcaption><strong>La Fuente &#8211; El grito Primal &#8211; C\u00f3digo= 2735 &#8211; Disponible en CD<\/strong> <\/figcaption><\/figure>\n\n\n\n<p>Temas:  <\/p>\n\n\n\n<ul><li>Taquirari <\/li><li>La vaca so\u00f1ada<\/li><li>Renacer de las cenizas <\/li><li>El grito primal <\/li><li>Para los que no est\u00e1n <\/li><li>Los duendes peregrinos <\/li><li>Un d\u00eda y mucho m\u00e1s <\/li><li>Donde fueron los  murgueros <\/li><\/ul>\n\n\n\n<hr class=\"wp-block-separator has-alpha-channel-opacity\"\/>\n\n\n\n<figure class=\"wp-block-image size-full is-resized\"><img loading=\"lazy\" src=\"http:\/\/fonocal-discos.com.ar\/fonocal-discos\/wp-content\/uploads\/2024\/03\/2723-Hector-StarcENVIVO2-cd-1.jpg\" alt=\"\" class=\"wp-image-1460\" width=\"242\" height=\"242\" srcset=\"http:\/\/fonocal-discos.com.ar\/fonocal-discos\/wp-content\/uploads\/2024\/03\/2723-Hector-StarcENVIVO2-cd-1.jpg 900w, http:\/\/fonocal-discos.com.ar\/fonocal-discos\/wp-content\/uploads\/2024\/03\/2723-Hector-StarcENVIVO2-cd-1-300x300.jpg 300w, http:\/\/fonocal-discos.com.ar\/fonocal-discos\/wp-content\/uploads\/2024\/03\/2723-Hector-StarcENVIVO2-cd-1-768x768.jpg 768w, http:\/\/fonocal-discos.com.ar\/fonocal-discos\/wp-content\/uploads\/2024\/03\/2723-Hector-StarcENVIVO2-cd-1-150x150.jpg 150w\" sizes=\"(max-width: 242px) 100vw, 242px\" \/><figcaption><strong>H\u00e9ctor Starc -En Vivo- C\u00f3digo= 272\/3 &#8211; \u00c1lbum Doble Cd<\/strong>  <br><a href=\"https:\/\/www.youtube.com\/watch?v=MvGIMQSRMDI\">https:\/\/www.youtube.com\/watch?v=MvGIMQSRMDI<\/a><\/figcaption><\/figure>\n\n\n\n<p>Temas Cd 1<\/p>\n\n\n\n<ul><li>Bocados de amor\/ Reci\u00e9n tir\u00e9 \/ Thomas fuerza<\/li><li>Ese viento \/ Ani\u00f1ada \/ Dame tiempo \/ Tontos <\/li><li>Canto cetrino \/ Violencia en el parque<\/li><li>Nadie juega con mi  libertad <\/li><\/ul>\n\n\n\n<p>Temas Cd 2<\/p>\n\n\n\n<ul><li>Steve \/ Perder para sumar<\/li><li>De algo  hay que  morir \/ Nierderwhoren<\/li><li>Llama siempre \/ Toda la noche<\/li><li>M\u00e1gico y Natural \/ Aventura en el \u00e1rbol <\/li><\/ul>\n\n\n\n<hr class=\"wp-block-separator has-alpha-channel-opacity\"\/>\n\n\n\n<figure class=\"wp-block-image size-full is-resized\"><img loading=\"lazy\" src=\"http:\/\/fonocal-discos.com.ar\/fonocal-discos\/wp-content\/uploads\/2024\/03\/TAPA-2744-NEOGESTALT-BAJA.jpg\" alt=\"\" class=\"wp-image-1461\" width=\"218\" height=\"218\" srcset=\"http:\/\/fonocal-discos.com.ar\/fonocal-discos\/wp-content\/uploads\/2024\/03\/TAPA-2744-NEOGESTALT-BAJA.jpg 600w, http:\/\/fonocal-discos.com.ar\/fonocal-discos\/wp-content\/uploads\/2024\/03\/TAPA-2744-NEOGESTALT-BAJA-300x300.jpg 300w, http:\/\/fonocal-discos.com.ar\/fonocal-discos\/wp-content\/uploads\/2024\/03\/TAPA-2744-NEOGESTALT-BAJA-150x150.jpg 150w\" sizes=\"(max-width: 218px) 100vw, 218px\" \/><figcaption><strong>Neo Gestalt &#8211; Big Bang- C\u00f3digo= 2744 &#8211; Disponible en Cd <\/strong><br><a href=\"https:\/\/www.youtube.com\/watch?v=chHgyQSy9Z8\">https:\/\/www.youtube.com\/watch?v=chHgyQSy9Z8<\/a><\/figcaption><\/figure>\n\n\n\n<p>Temas:<\/p>\n\n\n\n<ul><li>Testigo idiota    &#8211; La canci\u00f3n del volc\u00e1n<\/li><li>Big Bang            &#8211; Caminos<\/li><li>Libro M\u00e1gico     -Frank<\/li><li>Breve historia com\u00fan &#8211; Rompecabezas<\/li><li>Ser                        &#8211; Un d\u00eda en el set<\/li><\/ul>\n\n\n\n<hr class=\"wp-block-separator has-alpha-channel-opacity\"\/>\n\n\n\n<figure class=\"wp-block-image size-full is-resized\"><img loading=\"lazy\" src=\"http:\/\/fonocal-discos.com.ar\/fonocal-discos\/wp-content\/uploads\/2024\/04\/2733-Horizonte-Horizonte.jpg\" alt=\"\" class=\"wp-image-1485\" width=\"239\" height=\"239\" srcset=\"http:\/\/fonocal-discos.com.ar\/fonocal-discos\/wp-content\/uploads\/2024\/04\/2733-Horizonte-Horizonte.jpg 450w, http:\/\/fonocal-discos.com.ar\/fonocal-discos\/wp-content\/uploads\/2024\/04\/2733-Horizonte-Horizonte-300x300.jpg 300w, http:\/\/fonocal-discos.com.ar\/fonocal-discos\/wp-content\/uploads\/2024\/04\/2733-Horizonte-Horizonte-150x150.jpg 150w\" sizes=\"(max-width: 239px) 100vw, 239px\" \/><figcaption><strong>Horizonte &#8211; Horizonte. C\u00f3digo= 2733 &#8211; Disponible en Cd<\/strong> <\/figcaption><\/figure>\n\n\n\n<p>Temas:<\/p>\n\n\n\n<ul><li>Sue\u00f1o de luz         &#8211; Tierra del indio<\/li><li>Selva del sol          &#8211; Piel de cobre<\/li><li>Ma\u00edz azul               &#8211; Trigo maduro<\/li><li>Vidala del  coraz\u00f3n <\/li><\/ul>\n\n\n\n<hr class=\"wp-block-separator has-alpha-channel-opacity\"\/>\n\n\n\n<figure class=\"wp-block-image size-full is-resized\"><img loading=\"lazy\" src=\"http:\/\/fonocal-discos.com.ar\/fonocal-discos\/wp-content\/uploads\/2024\/04\/2728-Horizonte-SenalesSinEdad.jpg\" alt=\"\" class=\"wp-image-1487\" width=\"252\" height=\"252\" srcset=\"http:\/\/fonocal-discos.com.ar\/fonocal-discos\/wp-content\/uploads\/2024\/04\/2728-Horizonte-SenalesSinEdad.jpg 600w, http:\/\/fonocal-discos.com.ar\/fonocal-discos\/wp-content\/uploads\/2024\/04\/2728-Horizonte-SenalesSinEdad-300x300.jpg 300w, http:\/\/fonocal-discos.com.ar\/fonocal-discos\/wp-content\/uploads\/2024\/04\/2728-Horizonte-SenalesSinEdad-150x150.jpg 150w\" sizes=\"(max-width: 252px) 100vw, 252px\" \/><figcaption><strong>Horizonte &#8211; Se\u00f1ales sin edad &#8211; C\u00f3digo= 2728 &#8211; Disponible en Cd <\/strong><\/figcaption><\/figure>\n\n\n\n<p>Temas:<\/p>\n\n\n\n<ul><li>Se\u00f1ales sin edad              &#8211; Solo espera que las voces<\/li><li>Pr\u00f3ximo abismo               &#8211; Viento de las cumbres<\/li><li>Preludio a la imaginaci\u00f3n  -El viejo azul <\/li><li>Historietas de verdad <\/li><\/ul>\n\n\n\n<hr class=\"wp-block-separator has-alpha-channel-opacity\"\/>\n\n\n\n<h1><\/h1>\n\n\n\n<p>Editado&nbsp;\u00b7&nbsp;2 d\u00edas<\/p>\n\n\n\n<figure class=\"wp-block-image size-large is-resized\"><img loading=\"lazy\" src=\"http:\/\/fonocal-discos.com.ar\/fonocal-discos\/wp-content\/uploads\/2024\/04\/1-1024x1024.jpg\" alt=\"\" class=\"wp-image-1511\" width=\"230\" height=\"230\" srcset=\"http:\/\/fonocal-discos.com.ar\/fonocal-discos\/wp-content\/uploads\/2024\/04\/1-1024x1024.jpg 1024w, http:\/\/fonocal-discos.com.ar\/fonocal-discos\/wp-content\/uploads\/2024\/04\/1-300x300.jpg 300w, http:\/\/fonocal-discos.com.ar\/fonocal-discos\/wp-content\/uploads\/2024\/04\/1-768x768.jpg 768w, http:\/\/fonocal-discos.com.ar\/fonocal-discos\/wp-content\/uploads\/2024\/04\/1-150x150.jpg 150w, http:\/\/fonocal-discos.com.ar\/fonocal-discos\/wp-content\/uploads\/2024\/04\/1.jpg 1500w\" sizes=\"(max-width: 230px) 100vw, 230px\" \/><figcaption><strong>Pastoral &#8211; Pastoral &#8211; C\u00f3digo= 2740 &#8211; Disponible en  Cd <\/strong><\/figcaption><\/figure>\n\n\n\n<p>Temas: <\/p>\n\n\n\n<ul><li>Libertad Pastoral         &#8211; Tema del Hombre yo<\/li><li>T\u00eda Negra                    &#8211; Simulacro de Vida<\/li><li>Girasoles de Papel      &#8211; Improviso y Hermoso<\/li><li>En el Hospicio              -Historias Recortadas<\/li><li>Mi Soledad Sola            -Hoy, Reci\u00e9n Hoy<\/li><li>Jos\u00e9, el Pastor Espiritual  Hay que comprender<\/li><li>BONUS TRACK<\/li><li>Vicente Marr\u00f3n &#8211;   Manchas de Humedad (tambi\u00e9n llamado Tres Manchas de Humedad) <\/li><\/ul>\n\n\n\n<hr class=\"wp-block-separator has-alpha-channel-opacity\"\/>\n\n\n\n<figure class=\"wp-block-image size-large is-resized\"><img loading=\"lazy\" src=\"http:\/\/fonocal-discos.com.ar\/fonocal-discos\/wp-content\/uploads\/2024\/04\/2-1024x1024.jpg\" alt=\"\" class=\"wp-image-1513\" width=\"261\" height=\"261\" srcset=\"http:\/\/fonocal-discos.com.ar\/fonocal-discos\/wp-content\/uploads\/2024\/04\/2-1024x1024.jpg 1024w, http:\/\/fonocal-discos.com.ar\/fonocal-discos\/wp-content\/uploads\/2024\/04\/2-300x300.jpg 300w, http:\/\/fonocal-discos.com.ar\/fonocal-discos\/wp-content\/uploads\/2024\/04\/2-768x768.jpg 768w, http:\/\/fonocal-discos.com.ar\/fonocal-discos\/wp-content\/uploads\/2024\/04\/2-150x150.jpg 150w, http:\/\/fonocal-discos.com.ar\/fonocal-discos\/wp-content\/uploads\/2024\/04\/2.jpg 1500w\" sizes=\"(max-width: 261px) 100vw, 261px\" \/><figcaption><strong>Pastoral &#8211; Generaci\u00f3n &#8211; C\u00f3digo= 2741 &#8211; Disponible en  Cd <\/strong><\/figcaption><\/figure>\n\n\n\n<p>Temas: <\/p>\n\n\n\n<ul><li>Pele\u00e1ndose         &#8211; Generando<\/li><li>Circular                &#8211; Anestesiados<\/li><li>Cuidar\u00e1n              &#8211; Desprendi\u00e9ndonos<\/li><li>Sexto C                 -Babany<\/li><li>Saca las brujas      -Todas patinan<\/li><li>BONUS TRACK : \u2192 &nbsp;Tuvimos una sorpresa que no esper\u00e1bamos. Alejandro antes de partir&nbsp; de gira dej\u00f3 en un papel <strong>un tema nuevo letra y con los acordes musicales<\/strong>, eso lleg\u00f3 a manos de Flavio Schiav\u00f3n quien junto a su hermano hicieron una edici\u00f3n digital y subieron en las redes, al tema le pusieron <strong>\u201cPara Alejandro\u201d<\/strong> pero en este caso, <strong>Miguel \u00c1ngel nos dio el regalo con mo\u00f1o y todo, <\/strong>ya que <strong>grab\u00f3 el tema con su voz<\/strong> y es un tesoro que no pod\u00edamos dejar de poner, guitarras de Flavio y su hermano y coros hicieron <strong>una versi\u00f3n del tema \u00fanico<\/strong>.<\/li><\/ul>\n\n\n\n<hr class=\"wp-block-separator has-alpha-channel-opacity\"\/>\n\n\n\n<figure class=\"wp-block-image size-large is-resized\"><img loading=\"lazy\" src=\"http:\/\/fonocal-discos.com.ar\/fonocal-discos\/wp-content\/uploads\/2024\/04\/miguel-1024x1024.jpg\" alt=\"\" class=\"wp-image-1514\" width=\"238\" height=\"238\" srcset=\"http:\/\/fonocal-discos.com.ar\/fonocal-discos\/wp-content\/uploads\/2024\/04\/miguel-1024x1024.jpg 1024w, http:\/\/fonocal-discos.com.ar\/fonocal-discos\/wp-content\/uploads\/2024\/04\/miguel-300x300.jpg 300w, http:\/\/fonocal-discos.com.ar\/fonocal-discos\/wp-content\/uploads\/2024\/04\/miguel-768x768.jpg 768w, http:\/\/fonocal-discos.com.ar\/fonocal-discos\/wp-content\/uploads\/2024\/04\/miguel-150x150.jpg 150w, http:\/\/fonocal-discos.com.ar\/fonocal-discos\/wp-content\/uploads\/2024\/04\/miguel.jpg 1500w\" sizes=\"(max-width: 238px) 100vw, 238px\" \/><figcaption><strong>Miguel \u00c1ngel Erausquin &#8211; Hacia la libertad &#8211; C\u00f3digo 2742 &#8211; Disponible en  Cd <\/strong><\/figcaption><\/figure>\n\n\n\n<p>Temas:<\/p>\n\n\n\n<ul><li>Hacia la libertad               &#8211; Por otro amanecer<\/li><li>Portate bien Margarita     &#8211; S\u00f3lo el alma fuerte<\/li><li>Silencio en la ciudad         &#8211; Lejos de casa<\/li><li>Para el resto de mis d\u00edas    &#8211; Desconf\u00eda de&nbsp; todos<\/li><li>Irreal                                    &#8211; Despacio fue<\/li><li>BONUS TRACK <\/li><li>Girasoles de Papel  &#8211; Versi\u00f3n Reggae &#8211; <\/li><li>Tema Instrumental &#8211; Escala en R\u00edo <\/li><\/ul>\n\n\n\n<hr class=\"wp-block-separator has-alpha-channel-opacity\"\/>\n\n\n\n<figure class=\"wp-block-image size-large is-resized\"><img loading=\"lazy\" src=\"http:\/\/fonocal-discos.com.ar\/fonocal-discos\/wp-content\/uploads\/2024\/07\/2745-Es-la-locura-1024x1024.jpg\" alt=\"\" class=\"wp-image-1598\" width=\"231\" height=\"231\" srcset=\"http:\/\/fonocal-discos.com.ar\/fonocal-discos\/wp-content\/uploads\/2024\/07\/2745-Es-la-locura-1024x1024.jpg 1024w, http:\/\/fonocal-discos.com.ar\/fonocal-discos\/wp-content\/uploads\/2024\/07\/2745-Es-la-locura-300x300.jpg 300w, http:\/\/fonocal-discos.com.ar\/fonocal-discos\/wp-content\/uploads\/2024\/07\/2745-Es-la-locura-768x768.jpg 768w, http:\/\/fonocal-discos.com.ar\/fonocal-discos\/wp-content\/uploads\/2024\/07\/2745-Es-la-locura-150x150.jpg 150w, http:\/\/fonocal-discos.com.ar\/fonocal-discos\/wp-content\/uploads\/2024\/07\/2745-Es-la-locura.jpg 1500w\" sizes=\"(max-width: 231px) 100vw, 231px\" \/><figcaption><strong>Los Pick Ups- Es la locura &#8211; C\u00f3digo= 2745 &#8211; Disponible en  Cd<\/strong>  <br><a href=\"https:\/\/www.youtube.com\/watch?v=_imxoRgaPXA\">https:\/\/www.youtube.com\/watch?v=_imxoRgaPXA<\/a><\/figcaption><\/figure>\n\n\n\n<p>Temas:<\/p>\n\n\n\n<ul><li><strong>Mu\u00f1equita<\/strong>         &#8211; <strong>Bienvenido amor<\/strong><\/li><li><strong>Mi hermana mentirosa<\/strong>   &#8211; <strong>Es la locura<\/strong><\/li><li><strong>El twist de la guitarra<\/strong>      &#8211;<strong>Carita de \u00e1ngel<\/strong><\/li><li><strong>Tu eres mi tentaci\u00f3n<\/strong>        &#8211;<strong>Josefina<\/strong><\/li><li><strong>Madison Pick Ups<\/strong>            &#8211; <strong>Lecci\u00f3n de twist<\/strong><\/li><li><strong>La bomba<\/strong>                          &#8211;<strong>Corre Gonz\u00e1lez<\/strong><\/li><li><strong>BONUS TRACK<\/strong><\/li><li><strong>Adi\u00f3s mundo cruel<\/strong>   &#8211; <strong>La pecosita<\/strong><\/li><\/ul>\n\n\n\n<hr class=\"wp-block-separator has-alpha-channel-opacity\"\/>\n\n\n\n<figure class=\"wp-block-image size-large is-resized\"><img loading=\"lazy\" src=\"http:\/\/fonocal-discos.com.ar\/fonocal-discos\/wp-content\/uploads\/2024\/07\/2746-Con-todo-Pick-Ups-1024x1024.jpg\" alt=\"\" class=\"wp-image-1600\" width=\"248\" height=\"248\" srcset=\"http:\/\/fonocal-discos.com.ar\/fonocal-discos\/wp-content\/uploads\/2024\/07\/2746-Con-todo-Pick-Ups-1024x1024.jpg 1024w, http:\/\/fonocal-discos.com.ar\/fonocal-discos\/wp-content\/uploads\/2024\/07\/2746-Con-todo-Pick-Ups-300x300.jpg 300w, http:\/\/fonocal-discos.com.ar\/fonocal-discos\/wp-content\/uploads\/2024\/07\/2746-Con-todo-Pick-Ups-768x768.jpg 768w, http:\/\/fonocal-discos.com.ar\/fonocal-discos\/wp-content\/uploads\/2024\/07\/2746-Con-todo-Pick-Ups-150x150.jpg 150w, http:\/\/fonocal-discos.com.ar\/fonocal-discos\/wp-content\/uploads\/2024\/07\/2746-Con-todo-Pick-Ups.jpg 1500w\" sizes=\"(max-width: 248px) 100vw, 248px\" \/><figcaption><strong>Los Pick Ups &#8211;  Con todo- C\u00f3digo= 2746 &#8211; Disponible en  Cd <\/strong><br><a href=\"https:\/\/www.youtube.com\/watch?v=5EiLqgpfLT0\">https:\/\/www.youtube.com\/watch?v=5EiLqgpfLT0<\/a><\/figcaption><\/figure>\n\n\n\n<p><\/p>\n\n\n\n<p>Temas:<\/p>\n\n\n\n<ul><li><strong>Susy la coqueta<\/strong>       &#8211; <strong>Un tema para mi madre<\/strong><\/li><li><strong>El vuelo del moscard\u00f3n<\/strong>    &#8211;<strong>En la oscuridad<\/strong><\/li><li><strong>Linda nena<\/strong>                         &#8211;<strong>Bromitas<\/strong><\/li><li><strong>Que se mueran los feos<\/strong>    &#8211; <strong>Vida (canta vida)<\/strong><\/li><li><strong>Gully ver<\/strong>                             &#8211;<strong>Mechitas<\/strong><\/li><li><strong>Mi promesa<\/strong>                        &#8211;<strong>Twist 63<\/strong><\/li><li><strong>BONUS TRACK<\/strong><\/li><li><strong>El diablo en persona<\/strong>         &#8211; <strong>No te olvides<\/strong>       <\/li><\/ul>\n\n\n\n<hr class=\"wp-block-separator has-alpha-channel-opacity\"\/>\n\n\n\n<figure class=\"wp-block-image size-large is-resized\"><img loading=\"lazy\" src=\"http:\/\/fonocal-discos.com.ar\/fonocal-discos\/wp-content\/uploads\/2024\/07\/2747-Buscados-pickups-1024x1024.jpg\" alt=\"\" class=\"wp-image-1601\" width=\"244\" height=\"244\" srcset=\"http:\/\/fonocal-discos.com.ar\/fonocal-discos\/wp-content\/uploads\/2024\/07\/2747-Buscados-pickups-1024x1024.jpg 1024w, http:\/\/fonocal-discos.com.ar\/fonocal-discos\/wp-content\/uploads\/2024\/07\/2747-Buscados-pickups-300x300.jpg 300w, http:\/\/fonocal-discos.com.ar\/fonocal-discos\/wp-content\/uploads\/2024\/07\/2747-Buscados-pickups-768x768.jpg 768w, http:\/\/fonocal-discos.com.ar\/fonocal-discos\/wp-content\/uploads\/2024\/07\/2747-Buscados-pickups-150x150.jpg 150w, http:\/\/fonocal-discos.com.ar\/fonocal-discos\/wp-content\/uploads\/2024\/07\/2747-Buscados-pickups.jpg 1500w\" sizes=\"(max-width: 244px) 100vw, 244px\" \/><figcaption><strong>Los Pick Ups- \u00a1Buscados! C\u00f3digo= 2747 Disponible en Cd<\/strong>  <br> <a href=\"https:\/\/www.youtube.com\/watch?v=kWX4HLEzNac\">https:\/\/www.youtube.com\/watch?v=kWX4HLEzNac<\/a><\/figcaption><\/figure>\n\n\n\n<p>Temas:<\/p>\n\n\n\n<ul><li><strong>El gavil\u00e1n pollero<\/strong>      &#8211;<strong>Adi\u00f3s linda<\/strong><\/li><li><strong>El muchacho del jopo<\/strong>     &#8211;<strong>Sue\u00f1o de amor<\/strong><\/li><li><strong>Despeinada<\/strong>                &#8211;<strong>Yo, el solitario<\/strong><\/li><li><strong>Te han visto el domingo a la noche<\/strong>     &#8211; <strong>Tan solo un ni\u00f1o<\/strong><\/li><li><strong>Tomando limonada<\/strong>       &#8211; <strong>La danza de los sables<\/strong><\/li><li><strong>Para cuando joven?<\/strong>       &#8211; <strong>La petisa<\/strong><\/li><li><strong>BONUS TRACK<\/strong><\/li><li><strong>Replican las campanas<\/strong>      &#8211;<strong>Santa Claus viene a la ciudad<\/strong><\/li><li><strong>Rodolfo el reno<\/strong>                 &#8211; <strong>Mi guitarra<\/strong><\/li><li><strong>Vuelve el rock<\/strong><\/li><\/ul>\n\n\n\n<hr class=\"wp-block-separator has-alpha-channel-opacity\"\/>\n\n\n\n<figure class=\"wp-block-image size-large is-resized\"><img loading=\"lazy\" src=\"http:\/\/fonocal-discos.com.ar\/fonocal-discos\/wp-content\/uploads\/2024\/07\/2748-Al-abordaje-1024x1024.jpg\" alt=\"\" class=\"wp-image-1602\" width=\"265\" height=\"265\" srcset=\"http:\/\/fonocal-discos.com.ar\/fonocal-discos\/wp-content\/uploads\/2024\/07\/2748-Al-abordaje-1024x1024.jpg 1024w, http:\/\/fonocal-discos.com.ar\/fonocal-discos\/wp-content\/uploads\/2024\/07\/2748-Al-abordaje-300x300.jpg 300w, http:\/\/fonocal-discos.com.ar\/fonocal-discos\/wp-content\/uploads\/2024\/07\/2748-Al-abordaje-768x768.jpg 768w, http:\/\/fonocal-discos.com.ar\/fonocal-discos\/wp-content\/uploads\/2024\/07\/2748-Al-abordaje-150x150.jpg 150w, http:\/\/fonocal-discos.com.ar\/fonocal-discos\/wp-content\/uploads\/2024\/07\/2748-Al-abordaje.jpg 1500w\" sizes=\"(max-width: 265px) 100vw, 265px\" \/><figcaption><strong>Los Pick Ups &#8211; Al  abordaje &#8211; C\u00f3digo= 2748 &#8211; Disponible en Cd <\/strong><br><a href=\"https:\/\/www.youtube.com\/watch?v=WWy0d_9bExw\">https:\/\/www.youtube.com\/watch?v=WWy0d_9bExw<\/a><\/figcaption><\/figure>\n\n\n\n<p>Temas:<\/p>\n\n\n\n<ul><li><strong>Mi muchachita<\/strong>       &#8211;<strong>Tu no sabes<\/strong><\/li><li><strong>Mister moto<\/strong>           &#8211;<strong>Pon tu mano en la m\u00eda<\/strong><\/li><li><strong>Colorado (cuando vienes del horizonte)<\/strong> &#8211; <strong>En mi mente<\/strong><\/li><li><strong>Si me bochan en el examen<\/strong>     &#8211; <strong>Mi secreto<\/strong><\/li><li><strong>Te guardar\u00e9 en el coraz\u00f3n<\/strong>    &#8211; <strong>Calificada<\/strong><\/li><li><strong>Oh! Pepita<\/strong>       &#8211; <strong>El espejo<\/strong><\/li><li><strong>BONUS TRACK<\/strong><\/li><li><strong>Porque<\/strong>   &#8211; <strong>He de volver a verte<\/strong><\/li><li><strong>Ocho d\u00edas a la semana<\/strong>      &#8211;<strong>Poci\u00f3n de amor N\u00b0 9<\/strong><\/li><li><strong>Dang dang<\/strong>        &#8211;<strong>M\u00fasica de rock and roll<\/strong><\/li><li><strong>El cazador generoso<\/strong>   &#8211;<strong>Pim pom<\/strong><\/li><li><strong>Podemos solucionarlo<\/strong>   &#8211; <strong>Loco por las muchachas<\/strong><\/li><li><strong>As\u00ed como yo<\/strong>      &#8211;<strong>Los muchachos lloran<\/strong><\/li><li><strong>Mu\u00f1eca de cera<\/strong>     &#8211; <strong>Querida<\/strong><\/li><li><strong>Palabras<\/strong>    &#8211; <strong>Un lugar en el Sol<\/strong><\/li><li><strong>Nunca te olvidar\u00e9<\/strong><\/li><\/ul>\n\n\n\n<hr class=\"wp-block-separator has-alpha-channel-opacity\"\/>\n\n\n\n<figure class=\"wp-block-image size-large is-resized\"><img loading=\"lazy\" src=\"http:\/\/fonocal-discos.com.ar\/fonocal-discos\/wp-content\/uploads\/2024\/07\/2745-8-Box-Pick-Ups-1024x1024.jpg\" alt=\"\" class=\"wp-image-1603\" width=\"271\" height=\"271\" srcset=\"http:\/\/fonocal-discos.com.ar\/fonocal-discos\/wp-content\/uploads\/2024\/07\/2745-8-Box-Pick-Ups-1024x1024.jpg 1024w, http:\/\/fonocal-discos.com.ar\/fonocal-discos\/wp-content\/uploads\/2024\/07\/2745-8-Box-Pick-Ups-300x300.jpg 300w, http:\/\/fonocal-discos.com.ar\/fonocal-discos\/wp-content\/uploads\/2024\/07\/2745-8-Box-Pick-Ups-768x768.jpg 768w, http:\/\/fonocal-discos.com.ar\/fonocal-discos\/wp-content\/uploads\/2024\/07\/2745-8-Box-Pick-Ups-150x150.jpg 150w, http:\/\/fonocal-discos.com.ar\/fonocal-discos\/wp-content\/uploads\/2024\/07\/2745-8-Box-Pick-Ups.jpg 1500w\" sizes=\"(max-width: 271px) 100vw, 271px\" \/><figcaption><strong>Los Pick  Ups &#8211; Box Set x 4 Cd- Edici\u00f3n Limitada &#8211; C\u00f3digo= 2745\/8 Disponible en Cd<\/strong><\/figcaption><\/figure>\n\n\n\n<p><strong>Informaci\u00f3n de los temas de cada \u00e1lbum enumerados en la publicaci\u00f3n individual de cada Cd \u2191<\/strong><\/p>\n\n\n\n<figure class=\"wp-block-image size-large is-resized\"><img loading=\"lazy\" src=\"http:\/\/fonocal-discos.com.ar\/fonocal-discos\/wp-content\/uploads\/2024\/08\/El_Reloj-50-anos-en-Vivo-Auditorio-Belgrano-1024x1024.jpg\" alt=\"\" class=\"wp-image-1639\" width=\"270\" height=\"270\" srcset=\"http:\/\/fonocal-discos.com.ar\/fonocal-discos\/wp-content\/uploads\/2024\/08\/El_Reloj-50-anos-en-Vivo-Auditorio-Belgrano-1024x1024.jpg 1024w, http:\/\/fonocal-discos.com.ar\/fonocal-discos\/wp-content\/uploads\/2024\/08\/El_Reloj-50-anos-en-Vivo-Auditorio-Belgrano-300x300.jpg 300w, http:\/\/fonocal-discos.com.ar\/fonocal-discos\/wp-content\/uploads\/2024\/08\/El_Reloj-50-anos-en-Vivo-Auditorio-Belgrano-768x768.jpg 768w, http:\/\/fonocal-discos.com.ar\/fonocal-discos\/wp-content\/uploads\/2024\/08\/El_Reloj-50-anos-en-Vivo-Auditorio-Belgrano-150x150.jpg 150w, http:\/\/fonocal-discos.com.ar\/fonocal-discos\/wp-content\/uploads\/2024\/08\/El_Reloj-50-anos-en-Vivo-Auditorio-Belgrano.jpg 1500w\" sizes=\"(max-width: 270px) 100vw, 270px\" \/><figcaption><strong>El Reloj 50 a\u00f1os  -En Vivo en el Auditorio Belgrano &#8211; C\u00f3digo= 274\/5  Disponible \u00c1lbum doble CD<\/strong><br><a href=\"https:\/\/www.youtube.com\/watch?v=m9fiQH0gdSA\">https:\/\/www.youtube.com\/watch?v=m9fiQH0gdSA<\/a><\/figcaption><\/figure>\n\n\n\n<p>Temas <\/p>\n\n\n\n<ul><li>TEMAS:<\/li><li>DISCO 1<\/li><li>Vuelve el d\u00eda a reinar    -El viejo Seraf\u00edn<\/li><li>Los cinco elementos     -M\u00e1s fuerte que el hombre<\/li><li>Am\u00e9rica siente              -Hijos del Sol y La Tierra<\/li><li>Camino al Estucofen     -Sentimiento eterno<\/li><li>El sol del coraz\u00f3n          -Tema de todas las \u00e9pocas<\/li><li>Balada del potrero        -No venimos solos<\/li><li>Alguien m\u00e1s en quien confiar -Blues del atardecer<\/li><li>Solo de bater\u00eda<\/li><li>.<\/li><li>DISCO 2<\/li><li>Desaparecidos    &#8211; Mercado de almas<\/li><li>Harto y confundido  -El hombre y el perro<\/li><li>El mandato<\/li><li>Bonus track<\/li><li>\u00a1\u00a1\u00a1Oh!!! realidad<\/li><\/ul>\n\n\n\n<hr class=\"wp-block-separator has-alpha-channel-opacity\"\/>\n\n\n\n<figure class=\"wp-block-image size-large is-resized\"><img loading=\"lazy\" src=\"http:\/\/fonocal-discos.com.ar\/fonocal-discos\/wp-content\/uploads\/2024\/10\/The-seasons-1024x1024.jpg\" alt=\"\" class=\"wp-image-1716\" width=\"214\" height=\"214\" srcset=\"http:\/\/fonocal-discos.com.ar\/fonocal-discos\/wp-content\/uploads\/2024\/10\/The-seasons-1024x1024.jpg 1024w, http:\/\/fonocal-discos.com.ar\/fonocal-discos\/wp-content\/uploads\/2024\/10\/The-seasons-300x300.jpg 300w, http:\/\/fonocal-discos.com.ar\/fonocal-discos\/wp-content\/uploads\/2024\/10\/The-seasons-768x768.jpg 768w, http:\/\/fonocal-discos.com.ar\/fonocal-discos\/wp-content\/uploads\/2024\/10\/The-seasons-150x150.jpg 150w, http:\/\/fonocal-discos.com.ar\/fonocal-discos\/wp-content\/uploads\/2024\/10\/The-seasons.jpg 1500w\" sizes=\"(max-width: 214px) 100vw, 214px\" \/><figcaption><strong>The Seansons &#8211; Liverpool at B.A. C\u00f3digo= 2749 &#8211; Disponible en CD <\/strong><\/figcaption><\/figure>\n\n\n\n<p>Temas: <\/p>\n\n\n\n<ul><li>No podr\u00e9 resistir mucho tiempo m\u00e1s    &#8211; (I think I\u2019ll just can\u00b4t bear no longer)<\/li><li>Hoy   &#8211; (To day)<\/li><li>Cond\u00faceme a tu vida     &#8211; (Guide me to your life)<\/li><li>Cuando nos amemos de verdad  &#8211;  (When she loves me)<\/li><li>Una chica de dos caras  -(Two faces\u2019girl)<\/li><li>Somos felices    &#8211; (We are happy)<\/li><li>Un largo tiempo atr\u00e1s &#8211;   (A long time ago)<\/li><li>Ll\u00e9vame lejos &#8211;   (Take me far away)<\/li><li>Negro color carne &#8211;  (Black Skin color)<\/li><li>Estoy otra vez   &#8211; (I\u2019m here again)<\/li><li>Me duele que seas as\u00ed    &#8211; (I\u2019m sorry you are like this)<\/li><li>No volver\u00e9   (I\u2019ll don\u2019t be back)<\/li><\/ul>\n\n\n\n<p><strong>&nbsp;&nbsp;&nbsp;&nbsp;&nbsp;&nbsp;&nbsp;&nbsp;&nbsp;&nbsp;&nbsp;&nbsp;&nbsp;&nbsp;&nbsp;&nbsp;&nbsp; <\/strong><strong>BONUS TRACK<\/strong><\/p>\n\n\n\n<p>*Es mejor que no me mientas    &#8211; *Estoy corriendo<\/p>\n\n\n\n<hr class=\"wp-block-separator has-alpha-channel-opacity\"\/>\n\n\n\n<figure class=\"wp-block-image size-large is-resized\"><img loading=\"lazy\" src=\"http:\/\/fonocal-discos.com.ar\/fonocal-discos\/wp-content\/uploads\/2024\/12\/El-60-codigo-2750-1024x1024.jpg\" alt=\"\" class=\"wp-image-1719\" width=\"238\" height=\"238\" srcset=\"http:\/\/fonocal-discos.com.ar\/fonocal-discos\/wp-content\/uploads\/2024\/12\/El-60-codigo-2750-1024x1024.jpg 1024w, http:\/\/fonocal-discos.com.ar\/fonocal-discos\/wp-content\/uploads\/2024\/12\/El-60-codigo-2750-300x300.jpg 300w, http:\/\/fonocal-discos.com.ar\/fonocal-discos\/wp-content\/uploads\/2024\/12\/El-60-codigo-2750-768x768.jpg 768w, http:\/\/fonocal-discos.com.ar\/fonocal-discos\/wp-content\/uploads\/2024\/12\/El-60-codigo-2750-150x150.jpg 150w, http:\/\/fonocal-discos.com.ar\/fonocal-discos\/wp-content\/uploads\/2024\/12\/El-60-codigo-2750.jpg 1500w\" sizes=\"(max-width: 238px) 100vw, 238px\" \/><figcaption><strong>El 60 &#8211; El  60 &#8211; C\u00f3digo= 2750 Disponible en Cd <\/strong><\/figcaption><\/figure>\n\n\n\n<p>Temas:<\/p>\n\n\n\n<ul><li>Luc\u00eda febrero  &#8211; Dos veinte<\/li><li>Pensando en el tiempo   &#8211;  Ojo del buey<\/li><li>No pierdas tu vuelo    -Destino Tigre Hotel<\/li><li>Es un ser superior    &#8211;  Sol de sue\u00f1os<\/li><li>Amor lun\u00e1tico    &#8211;  Tengo que hacerlo<\/li><li>Cha, cha, cha del mejill\u00f3n<\/li><li>BONUS TRACK<\/li><li>Tengo que hacerlo (en vivo)<\/li><\/ul>\n\n\n\n<hr class=\"wp-block-separator has-alpha-channel-opacity\"\/>\n\n\n\n<figure class=\"wp-block-image size-large is-resized\"><img loading=\"lazy\" src=\"http:\/\/fonocal-discos.com.ar\/fonocal-discos\/wp-content\/uploads\/2024\/12\/2754-Rayuela-1024x1024.jpg\" alt=\"\" class=\"wp-image-1722\" width=\"267\" height=\"267\" srcset=\"http:\/\/fonocal-discos.com.ar\/fonocal-discos\/wp-content\/uploads\/2024\/12\/2754-Rayuela-1024x1024.jpg 1024w, http:\/\/fonocal-discos.com.ar\/fonocal-discos\/wp-content\/uploads\/2024\/12\/2754-Rayuela-300x300.jpg 300w, http:\/\/fonocal-discos.com.ar\/fonocal-discos\/wp-content\/uploads\/2024\/12\/2754-Rayuela-768x768.jpg 768w, http:\/\/fonocal-discos.com.ar\/fonocal-discos\/wp-content\/uploads\/2024\/12\/2754-Rayuela-150x150.jpg 150w, http:\/\/fonocal-discos.com.ar\/fonocal-discos\/wp-content\/uploads\/2024\/12\/2754-Rayuela.jpg 1500w\" sizes=\"(max-width: 267px) 100vw, 267px\" \/><figcaption><strong>Rayuela &#8211; C\u00f3digo= 2754 &#8211; Disponible en Cd <\/strong><br><a href=\"https:\/\/www.youtube.com\/watch?v=-jcrvQ-nU4E\">https:\/\/www.youtube.com\/watch?v=-jcrvQ-nU4E<\/a><\/figcaption><\/figure>\n\n\n\n<p>Temas  <\/p>\n\n\n\n<ul><li>La casa del hombre &#8211;  Los \u00faltimos grillos<\/li><li>A\u00e9reo       &#8211;  Vientos de la calma<\/li><li>Acaso t\u00fa crees   &#8211; Sexo y dinero<\/li><li>Vendr\u00e9 con el viento                      <\/li><\/ul>\n\n\n\n<hr class=\"wp-block-separator has-alpha-channel-opacity\"\/>\n","protected":false},"excerpt":{"rendered":"<p>Temas: Toda una vida De lo que te has perdido La puerta Yo que t\u00fa me enamoraba Por amor Amanec\u00ed en tus brazos Te llevo bajo mi piel Es cosa m\u00eda Un amor para la historia Un loco como yo Que mal amada est\u00e1s J\u00farame Temas: Weary Stomp Shout \u00b4 \u2026 <a class=\"continue-reading-link\" href=\"http:\/\/fonocal-discos.com.ar\/fonocal-discos\/novedades-2024\/\"> Continue reading <span class=\"meta-nav\">&rarr; <\/span><\/a><\/p>\n","protected":false},"author":1,"featured_media":0,"parent":0,"menu_order":0,"comment_status":"closed","ping_status":"closed","template":"","meta":[],"_links":{"self":[{"href":"http:\/\/fonocal-discos.com.ar\/fonocal-discos\/wp-json\/wp\/v2\/pages\/1140"}],"collection":[{"href":"http:\/\/fonocal-discos.com.ar\/fonocal-discos\/wp-json\/wp\/v2\/pages"}],"about":[{"href":"http:\/\/fonocal-discos.com.ar\/fonocal-discos\/wp-json\/wp\/v2\/types\/page"}],"author":[{"embeddable":true,"href":"http:\/\/fonocal-discos.com.ar\/fonocal-discos\/wp-json\/wp\/v2\/users\/1"}],"replies":[{"embeddable":true,"href":"http:\/\/fonocal-discos.com.ar\/fonocal-discos\/wp-json\/wp\/v2\/comments?post=1140"}],"version-history":[{"count":23,"href":"http:\/\/fonocal-discos.com.ar\/fonocal-discos\/wp-json\/wp\/v2\/pages\/1140\/revisions"}],"predecessor-version":[{"id":1735,"href":"http:\/\/fonocal-discos.com.ar\/fonocal-discos\/wp-json\/wp\/v2\/pages\/1140\/revisions\/1735"}],"wp:attachment":[{"href":"http:\/\/fonocal-discos.com.ar\/fonocal-discos\/wp-json\/wp\/v2\/media?parent=1140"}],"curies":[{"name":"wp","href":"https:\/\/api.w.org\/{rel}","templated":true}]}}